{"id":2283,"date":"2019-04-08T17:29:51","date_gmt":"2019-04-08T17:29:51","guid":{"rendered":"https:\/\/casacamelia.dev2.shareit.dev\/garden\/"},"modified":"2022-01-08T15:36:04","modified_gmt":"2022-01-08T15:36:04","slug":"garden","status":"publish","type":"page","link":"https:\/\/www.casacamelia.pt\/de\/garden\/","title":{"rendered":"Garten"},"content":{"rendered":"[mk_page_section bg_image=&#8220;https:\/\/www.casacamelia.pt\/wp-content\/uploads\/2019\/10\/dsc01182.jpg&#8220; bg_color=&#8220;#ffffff&#8220; bg_position=&#8220;center center&#8220; bg_repeat=&#8220;no-repeat&#8220; bg_stretch=&#8220;true&#8220; enable_3d=&#8220;true&#8220; min_height=&#8220;400&#8243; padding_top=&#8220;90&#8243; padding_bottom=&#8220;90&#8243; sidebar=&#8220;sidebar-1&#8243;][vc_column][\/vc_column][\/mk_page_section][mk_page_section bg_color=&#8220;#ffffff&#8220; bg_position=&#8220;right top&#8220; bg_repeat=&#8220;no-repeat&#8220; enable_3d=&#8220;true&#8220; speed_factor=&#8220;-0.1&#8243; min_height=&#8220;70&#8243; full_width=&#8220;true&#8220; padding_top=&#8220;60&#8243; el_class=&#8220;garden-flower&#8220; sidebar=&#8220;sidebar-1&#8243;][vc_column width=&#8220;1\/4&#8243;][\/vc_column][vc_column width=&#8220;1\/2&#8243;][mk_fancy_title color=&#8220;#000000&#8243; size=&#8220;100&#8243; force_font_size=&#8220;true&#8220; size_tablet=&#8220;50&#8243; size_phone=&#8220;25&#8243; txt_transform=&#8220;uppercase&#8220; letter_spacing=&#8220;7&#8243; margin_bottom=&#8220;0&#8243; font_family=&#8220;none&#8220; align=&#8220;center&#8220;]Garten[\/mk_fancy_title][vc_column_text align=&#8220;center&#8220; css=&#8220;.vc_custom_1606852329674{margin-bottom: 0px !important;}&#8220;]\n<p style=\"text-align: center;\">Versteckt vor den Augen der Passanten liegt der romantische und paradiesisch sch\u00f6ne Garten des CASA CAM\u00c9LIA. Unsere G\u00e4ste k\u00f6nnen von der Terrasse aus den fantastischen Blick \u00fcber den Fluss Duoro und die Stadt geniessen, sich auf der Piazza einen Drink g\u00f6nnen oder durch den kleinen Kamelienwald spazieren. Das Fr\u00fchst\u00fcck auf der Terrasse oder im Pavillon sorgt f\u00fcr einen perfekten Start in den Tag. Im Schatten der Kamelien erg\u00e4nzt ein P\u00e9tanque Feld die einzigartige Gartenumgebung und l\u00e4dt ein zu fr\u00f6hlichen gemeinsamen Erlebnissen.<\/p>\n[\/vc_column_text][mk_padding_divider size=&#8220;100&#8243;][\/vc_column][vc_column width=&#8220;1\/4&#8243;][mk_image src=&#8220;https:\/\/www.casacamelia.pt\/wp-content\/uploads\/2018\/11\/flowers3.png&#8220; image_size=&#8220;full&#8220; pxs=&#8220;true&#8220; pxs_x=&#8220;0&#8243; pxs_y=&#8220;-100&#8243; pxs_z=&#8220;0&#8243;][\/vc_column][\/mk_page_section][mk_page_section layout_structure=&#8220;half_left&#8220; bg_image=&#8220;https:\/\/www.casacamelia.pt\/wp-content\/uploads\/2021\/10\/interior-34-scaled.jpg&#8220; bg_color=&#8220;#f3efe9&#8243; min_height=&#8220;600&#8243; full_width=&#8220;true&#8220; js_vertical_centered=&#8220;true&#8220; padding_top=&#8220;90&#8243; padding_bottom=&#8220;90&#8243;][vc_column][mk_padding_divider visibility=&#8220;visible-sm&#8220;][mk_fancy_title tag_name=&#8220;h5&#8243; color=&#8220;#000000&#8243; size=&#8220;18&#8243; font_weight=&#8220;bold&#8220; txt_transform=&#8220;uppercase&#8220; letter_spacing=&#8220;4&#8243; margin_bottom=&#8220;0&#8243; font_family=&#8220;Source+Sans+Pro&#8220; font_type=&#8220;google&#8220; align=&#8220;center&#8220;]PAVILLON[\/mk_fancy_title][mk_fancy_title tag_name=&#8220;h3&#8243; color=&#8220;#000000&#8243; size=&#8220;40&#8243; force_font_size=&#8220;true&#8220; size_tablet=&#8220;30&#8243; size_phone=&#8220;25&#8243; txt_transform=&#8220;uppercase&#8220; margin_bottom=&#8220;35&#8243; font_family=&#8220;none&#8220; align=&#8220;center&#8220;]Ein Ort<br \/>\nzum Geniessen[\/mk_fancy_title][vc_column_text disable_pattern=&#8220;false&#8220; align=&#8220;center&#8220; margin_bottom=&#8220;25&#8243; css=&#8220;.vc_custom_1606849018279{margin-bottom: 0px !important;}&#8220;]<em>&#8222;Gl\u00fcck ist, besondere Momente miteinander zu teilen&#8220;.<\/em><\/p>\n<p>Ob unsere G\u00e4ste den Tag im Pavillon mit einem Fr\u00fchst\u00fcck beginnen, nachmittags Kaffee oder eine Tasse Tee trinken oder ein Glas Wein geniessen &#8211; das Treffen im Pavillon macht ihren Aufenthalt zu einem unvergesslichen Erlebnis. Urspr\u00fcnglich ein altes Orchideenhaus, wurde der Pavillon im Jahr 2020 als Ort zum Verweilen wiederaufgebaut.[\/vc_column_text][mk_padding_divider visibility=&#8220;visible-sm&#8220;][\/vc_column][\/mk_page_section][mk_page_section layout_structure=&#8220;half_right&#8220; bg_image=&#8220;https:\/\/www.casacamelia.pt\/wp-content\/uploads\/2021\/10\/casacamelia_boutique-hotel_garden.jpg&#8220; bg_color=&#8220;#f3efe9&#8243; min_height=&#8220;600&#8243; full_width=&#8220;true&#8220; js_vertical_centered=&#8220;true&#8220; padding_top=&#8220;90&#8243; padding_bottom=&#8220;90&#8243;][vc_column][mk_padding_divider visibility=&#8220;visible-sm&#8220;][mk_fancy_title tag_name=&#8220;h5&#8243; color=&#8220;#000000&#8243; size=&#8220;18&#8243; font_weight=&#8220;bold&#8220; txt_transform=&#8220;uppercase&#8220; letter_spacing=&#8220;4&#8243; margin_bottom=&#8220;0&#8243; font_family=&#8220;Source+Sans+Pro&#8220; font_type=&#8220;google&#8220; align=&#8220;center&#8220;]PARK[\/mk_fancy_title][mk_fancy_title tag_name=&#8220;h3&#8243; color=&#8220;#000000&#8243; size=&#8220;40&#8243; force_font_size=&#8220;true&#8220; size_tablet=&#8220;30&#8243; size_phone=&#8220;25&#8243; txt_transform=&#8220;uppercase&#8220; margin_bottom=&#8220;35&#8243; font_family=&#8220;none&#8220; align=&#8220;center&#8220;]Ein Ort<br \/>\nzum Entspannen[\/mk_fancy_title][vc_column_text disable_pattern=&#8220;false&#8220; align=&#8220;center&#8220; margin_bottom=&#8220;25&#8243; css=&#8220;.vc_custom_1606849147497{margin-bottom: 0px !important;}&#8220;]Die fantastische Gartenanlage des CASA CAM\u00c9LIA bietet eine Piazza mit portugiesischem Kopfsteinpflaster, einen kleinen Kamelienwald mit altem Baumbestand, der zu den \u00e4ltesten der Stadt z\u00e4hlt, einen Blumengarten, eine Pergola, den Pavillon und ein P\u00e9tanque-Feld sowie einen gro\u00dfen sonnigen Rasen mit Liegest\u00fchlen zum Entspannen.[\/vc_column_text][mk_padding_divider visibility=&#8220;visible-sm&#8220;][\/vc_column][\/mk_page_section][mk_page_section layout_structure=&#8220;half_left&#8220; bg_image=&#8220;https:\/\/www.casacamelia.pt\/wp-content\/uploads\/2021\/10\/casacamelia_boutique-hotel_miradouro.jpg&#8220; bg_color=&#8220;#f3efe9&#8243; min_height=&#8220;600&#8243; full_width=&#8220;true&#8220; js_vertical_centered=&#8220;true&#8220; padding_top=&#8220;90&#8243; padding_bottom=&#8220;90&#8243;][vc_column][mk_padding_divider visibility=&#8220;visible-sm&#8220;][mk_fancy_title tag_name=&#8220;h5&#8243; color=&#8220;#000000&#8243; size=&#8220;18&#8243; font_weight=&#8220;bold&#8220; txt_transform=&#8220;uppercase&#8220; letter_spacing=&#8220;4&#8243; margin_bottom=&#8220;0&#8243; font_family=&#8220;Source+Sans+Pro&#8220; font_type=&#8220;google&#8220; align=&#8220;center&#8220;]TERRASSE[\/mk_fancy_title][mk_fancy_title tag_name=&#8220;h3&#8243; color=&#8220;#000000&#8243; size=&#8220;40&#8243; force_font_size=&#8220;true&#8220; size_tablet=&#8220;30&#8243; size_phone=&#8220;25&#8243; txt_transform=&#8220;uppercase&#8220; margin_bottom=&#8220;35&#8243; font_family=&#8220;none&#8220; align=&#8220;center&#8220;]Ein Ort<br \/>\nmit Aussicht[\/mk_fancy_title][vc_column_text disable_pattern=&#8220;false&#8220; align=&#8220;center&#8220; margin_bottom=&#8220;25&#8243; css=&#8220;.vc_custom_1606849241698{margin-bottom: 0px !important;}&#8220;]Der atemberaubende Blick auf den Fluss Duoro und das Flussufer von Vila Nova de Gaia ist unvergesslich und l\u00e4dt unsere G\u00e4ste ein, nicht nur zum Fr\u00fchst\u00fcck auf der Terrasse zu bleiben, sondern den ganzen Tag zu verweilen.[\/vc_column_text][mk_padding_divider visibility=&#8220;visible-sm&#8220;][\/vc_column][\/mk_page_section][mk_page_section bg_color=&#8220;#ffffff&#8220; bg_position=&#8220;left center&#8220; bg_repeat=&#8220;no-repeat&#8220; enable_3d=&#8220;true&#8220; speed_factor=&#8220;1.9&#8243; min_height=&#8220;150&#8243; full_width=&#8220;true&#8220; js_vertical_centered=&#8220;true&#8220; padding_top=&#8220;100&#8243; padding_bottom=&#8220;100&#8243; el_class=&#8220;garden-flower-2&#8243; sidebar=&#8220;sidebar-1&#8243;][vc_column width=&#8220;1\/3&#8243;][mk_image src=&#8220;https:\/\/www.casacamelia.pt\/wp-content\/uploads\/2020\/11\/garden-1-1_flipped.png&#8220; image_size=&#8220;full&#8220; align=&#8220;center&#8220; margin_bottom=&#8220;-50&#8243; pxs=&#8220;true&#8220; pxs_x=&#8220;20&#8243; pxs_y=&#8220;50&#8243; pxs_z=&#8220;50&#8243;][\/vc_column][vc_column width=&#8220;1\/3&#8243;][\/vc_column][vc_column width=&#8220;1\/3&#8243;][\/vc_column][\/mk_page_section][mk_page_section bg_color=&#8220;#f3efe9&#8243; bg_position=&#8220;center center&#8220; bg_repeat=&#8220;no-repeat&#8220; bg_stretch=&#8220;true&#8220; enable_3d=&#8220;true&#8220; js_vertical_centered=&#8220;true&#8220; padding_top=&#8220;90&#8243; padding_bottom=&#8220;20&#8243; sidebar=&#8220;sidebar-1&#8243;][vc_column width=&#8220;1\/4&#8243;][mk_padding_divider size=&#8220;120&#8243;][mk_fancy_title size=&#8220;40&#8243; force_font_size=&#8220;true&#8220; size_phone=&#8220;25&#8243; txt_transform=&#8220;uppercase&#8220; margin_bottom=&#8220;0&#8243; font_family=&#8220;none&#8220; align=&#8220;center&#8220;]Kontakt[\/mk_fancy_title][\/vc_column][vc_column width=&#8220;1\/2&#8243;][mk_image src=&#8220;https:\/\/www.casacamelia.pt\/wp-content\/uploads\/2020\/01\/casacamelia_brown_v1.png&#8220; image_size=&#8220;full&#8220; align=&#8220;center&#8220;][mk_padding_divider size=&#8220;35&#8243;][mk_fancy_title tag_name=&#8220;h6&#8243; color=&#8220;#86704d&#8220; size=&#8220;16&#8243; font_weight=&#8220;400&#8243; letter_spacing=&#8220;1&#8243; margin_bottom=&#8220;&#8220; font_family=&#8220;Source+Sans+Pro&#8220; font_type=&#8220;google&#8220; align=&#8220;center&#8220;]\n<p style=\"text-align: center;\">Rua da Bandeirinha 26, 4050-088 Porto<br \/>\n<a href=\"#\">+351\u00a0<\/a><a href=\"#\">965 427 555<\/a> \u00a0 <a href=\"mailto:book@casacamelia.pt\">book@casacamelia.pt<\/a><\/p>\n[\/mk_fancy_title][\/vc_column][vc_column width=&#8220;1\/4&#8243;][mk_padding_divider size=&#8220;108&#8243;][mk_social_networks size=&#8220;medium&#8220; style=&#8220;simple&#8220; margin=&#8220;15&#8243; icon_color=&#8220;#86704d&#8220; icon_hover_color=&#8220;#86704d&#8220; align=&#8220;center&#8220; facebook=&#8220;https:\/\/www.facebook.com\/casacamelia.porto&#8220; google_plus=&#8220;https:\/\/www.google.com\/maps\/place\/CASA+CAM%C3%89LIA\/@41.1450251,-8.6237727,17z\/data=!3m1!4b1!4m8!3m7!1s0xd24657598b343bb:0x3c6c1b9734d008ef!5m2!4m1!1i2!8m2!3d41.1449994!4d-8.6215559&#8243; instagram=&#8220;https:\/\/www.instagram.com\/casacamelia_porto\/?hl=pt&#8220;][\/vc_column][\/mk_page_section]\n","protected":false},"excerpt":{"rendered":"<p>[mk_page_section bg_image=&#8220;https:\/\/www.casacamelia.pt\/wp-content\/uploads\/2019\/10\/dsc01182.jpg&#8220; bg_color=&#8220;#ffffff&#8220; bg_position=&#8220;center center&#8220; bg_repeat=&#8220;no-repeat&#8220; bg_stretch=&#8220;true&#8220; enable_3d=&#8220;true&#8220; min_height=&#8220;400&#8243; padding_top=&#8220;90&#8243; padding_bottom=&#8220;90&#8243; sidebar=&#8220;sidebar-1&#8243;][vc_column][\/vc_column][\/mk_page_section][mk_page_section bg_color=&#8220;#ffffff&#8220; bg_position=&#8220;right top&#8220; bg_repeat=&#8220;no-repeat&#8220; enable_3d=&#8220;true&#8220; speed_factor=&#8220;-0.1&#8243; min_height=&#8220;70&#8243; full_width=&#8220;true&#8220; padding_top=&#8220;60&#8243; el_class=&#8220;garden-flower&#8220; sidebar=&#8220;sidebar-1&#8243;][vc_column width=&#8220;1\/4&#8243;][\/vc_column][vc_column width=&#8220;1\/2&#8243;][mk_fancy_title color=&#8220;#000000&#8243; size=&#8220;100&#8243; force_font_size=&#8220;true&#8220; size_tablet=&#8220;50&#8243; size_phone=&#8220;25&#8243; txt_transform=&#8220;uppercase&#8220; letter_spacing=&#8220;7&#8243; margin_bottom=&#8220;0&#8243; font_family=&#8220;none&#8220; align=&#8220;center&#8220;]Garten[\/mk_fancy_title][vc_column_text align=&#8220;center&#8220; css=&#8220;.vc_custom_1606852329674{margin-bottom: 0px !important;}&#8220;] Versteckt vor den Augen der Passanten liegt der romantische und paradiesisch sch\u00f6ne Garten des CASA CAM\u00c9LIA. [&hellip;]<\/p>\n","protected":false},"author":1,"featured_media":0,"parent":0,"menu_order":0,"comment_status":"closed","ping_status":"closed","template":"","meta":{"_acf_changed":false,"rs_blank_template":"","rs_page_bg_color":"","slide_template_v7":"","footnotes":""},"class_list":["post-2283","page","type-page","status-publish","hentry"],"acf":[],"yoast_head":"<!-- This site is optimized with the Yoast SEO plugin v27.5 - https:\/\/yoast.com\/product\/yoast-seo-wordpress\/ -->\n<title>Garten - Casa Cam\u00e9lia<\/title>\n<meta name=\"robots\" content=\"index, follow, max-snippet:-1, max-image-preview:large, max-video-preview:-1\" \/>\n<link rel=\"canonical\" href=\"https:\/\/www.casacamelia.pt\/de\/garden\/\" \/>\n<meta property=\"og:locale\" content=\"de_DE\" \/>\n<meta property=\"og:type\" content=\"article\" \/>\n<meta property=\"og:title\" content=\"Garten - Casa Cam\u00e9lia\" \/>\n<meta property=\"og:description\" content=\"[mk_page_section bg_image=&#8220;https:\/\/www.casacamelia.pt\/wp-content\/uploads\/2019\/10\/dsc01182.jpg&#8220; bg_color=&#8220;#ffffff&#8220; bg_position=&#8220;center center&#8220; bg_repeat=&#8220;no-repeat&#8220; bg_stretch=&#8220;true&#8220; enable_3d=&#8220;true&#8220; min_height=&#8220;400&#8243; padding_top=&#8220;90&#8243; padding_bottom=&#8220;90&#8243; sidebar=&#8220;sidebar-1&#8243;][vc_column][\/vc_column][\/mk_page_section][mk_page_section bg_color=&#8220;#ffffff&#8220; bg_position=&#8220;right top&#8220; bg_repeat=&#8220;no-repeat&#8220; enable_3d=&#8220;true&#8220; speed_factor=&#8220;-0.1&#8243; min_height=&#8220;70&#8243; full_width=&#8220;true&#8220; padding_top=&#8220;60&#8243; el_class=&#8220;garden-flower&#8220; sidebar=&#8220;sidebar-1&#8243;][vc_column width=&#8220;1\/4&#8243;][\/vc_column][vc_column width=&#8220;1\/2&#8243;][mk_fancy_title color=&#8220;#000000&#8243; size=&#8220;100&#8243; force_font_size=&#8220;true&#8220; size_tablet=&#8220;50&#8243; size_phone=&#8220;25&#8243; txt_transform=&#8220;uppercase&#8220; letter_spacing=&#8220;7&#8243; margin_bottom=&#8220;0&#8243; font_family=&#8220;none&#8220; align=&#8220;center&#8220;]Garten[\/mk_fancy_title][vc_column_text align=&#8220;center&#8220; css=&#8220;.vc_custom_1606852329674{margin-bottom: 0px !important;}&#8220;] Versteckt vor den Augen der Passanten liegt der romantische und paradiesisch sch\u00f6ne Garten des CASA CAM\u00c9LIA. [&hellip;]\" \/>\n<meta property=\"og:url\" content=\"https:\/\/www.casacamelia.pt\/de\/garden\/\" \/>\n<meta property=\"og:site_name\" content=\"Casa Cam\u00e9lia\" \/>\n<meta property=\"article:modified_time\" content=\"2022-01-08T15:36:04+00:00\" \/>\n<meta name=\"twitter:card\" content=\"summary_large_image\" \/>\n<meta name=\"twitter:label1\" content=\"Gesch\u00e4tzte Lesezeit\" \/>\n\t<meta name=\"twitter:data1\" content=\"3\u00a0Minuten\" \/>\n<script type=\"application\/ld+json\" class=\"yoast-schema-graph\">{\"@context\":\"https:\\\/\\\/schema.org\",\"@graph\":[{\"@type\":\"WebPage\",\"@id\":\"https:\\\/\\\/www.casacamelia.pt\\\/de\\\/garden\\\/\",\"url\":\"https:\\\/\\\/www.casacamelia.pt\\\/de\\\/garden\\\/\",\"name\":\"Garten - Casa Cam\u00e9lia\",\"isPartOf\":{\"@id\":\"https:\\\/\\\/www.casacamelia.pt\\\/pt-pt\\\/#website\"},\"datePublished\":\"2019-04-08T17:29:51+00:00\",\"dateModified\":\"2022-01-08T15:36:04+00:00\",\"breadcrumb\":{\"@id\":\"https:\\\/\\\/www.casacamelia.pt\\\/de\\\/garden\\\/#breadcrumb\"},\"inLanguage\":\"de\",\"potentialAction\":[{\"@type\":\"ReadAction\",\"target\":[\"https:\\\/\\\/www.casacamelia.pt\\\/de\\\/garden\\\/\"]}]},{\"@type\":\"BreadcrumbList\",\"@id\":\"https:\\\/\\\/www.casacamelia.pt\\\/de\\\/garden\\\/#breadcrumb\",\"itemListElement\":[{\"@type\":\"ListItem\",\"position\":1,\"name\":\"Home\",\"item\":\"https:\\\/\\\/www.casacamelia.pt\\\/de\\\/\"},{\"@type\":\"ListItem\",\"position\":2,\"name\":\"Garten\"}]},{\"@type\":\"WebSite\",\"@id\":\"https:\\\/\\\/www.casacamelia.pt\\\/pt-pt\\\/#website\",\"url\":\"https:\\\/\\\/www.casacamelia.pt\\\/pt-pt\\\/\",\"name\":\"Casa Cam\u00e9lia\",\"description\":\"\",\"potentialAction\":[{\"@type\":\"SearchAction\",\"target\":{\"@type\":\"EntryPoint\",\"urlTemplate\":\"https:\\\/\\\/www.casacamelia.pt\\\/pt-pt\\\/?s={search_term_string}\"},\"query-input\":{\"@type\":\"PropertyValueSpecification\",\"valueRequired\":true,\"valueName\":\"search_term_string\"}}],\"inLanguage\":\"de\"}]}<\/script>\n<!-- \/ Yoast SEO plugin. -->","yoast_head_json":{"title":"Garten - Casa Cam\u00e9lia","robots":{"index":"index","follow":"follow","max-snippet":"max-snippet:-1","max-image-preview":"max-image-preview:large","max-video-preview":"max-video-preview:-1"},"canonical":"https:\/\/www.casacamelia.pt\/de\/garden\/","og_locale":"de_DE","og_type":"article","og_title":"Garten - Casa Cam\u00e9lia","og_description":"[mk_page_section bg_image=&#8220;https:\/\/www.casacamelia.pt\/wp-content\/uploads\/2019\/10\/dsc01182.jpg&#8220; bg_color=&#8220;#ffffff&#8220; bg_position=&#8220;center center&#8220; bg_repeat=&#8220;no-repeat&#8220; bg_stretch=&#8220;true&#8220; enable_3d=&#8220;true&#8220; min_height=&#8220;400&#8243; padding_top=&#8220;90&#8243; padding_bottom=&#8220;90&#8243; sidebar=&#8220;sidebar-1&#8243;][vc_column][\/vc_column][\/mk_page_section][mk_page_section bg_color=&#8220;#ffffff&#8220; bg_position=&#8220;right top&#8220; bg_repeat=&#8220;no-repeat&#8220; enable_3d=&#8220;true&#8220; speed_factor=&#8220;-0.1&#8243; min_height=&#8220;70&#8243; full_width=&#8220;true&#8220; padding_top=&#8220;60&#8243; el_class=&#8220;garden-flower&#8220; sidebar=&#8220;sidebar-1&#8243;][vc_column width=&#8220;1\/4&#8243;][\/vc_column][vc_column width=&#8220;1\/2&#8243;][mk_fancy_title color=&#8220;#000000&#8243; size=&#8220;100&#8243; force_font_size=&#8220;true&#8220; size_tablet=&#8220;50&#8243; size_phone=&#8220;25&#8243; txt_transform=&#8220;uppercase&#8220; letter_spacing=&#8220;7&#8243; margin_bottom=&#8220;0&#8243; font_family=&#8220;none&#8220; align=&#8220;center&#8220;]Garten[\/mk_fancy_title][vc_column_text align=&#8220;center&#8220; css=&#8220;.vc_custom_1606852329674{margin-bottom: 0px !important;}&#8220;] Versteckt vor den Augen der Passanten liegt der romantische und paradiesisch sch\u00f6ne Garten des CASA CAM\u00c9LIA. [&hellip;]","og_url":"https:\/\/www.casacamelia.pt\/de\/garden\/","og_site_name":"Casa Cam\u00e9lia","article_modified_time":"2022-01-08T15:36:04+00:00","twitter_card":"summary_large_image","twitter_misc":{"Gesch\u00e4tzte Lesezeit":"3\u00a0Minuten"},"schema":{"@context":"https:\/\/schema.org","@graph":[{"@type":"WebPage","@id":"https:\/\/www.casacamelia.pt\/de\/garden\/","url":"https:\/\/www.casacamelia.pt\/de\/garden\/","name":"Garten - Casa Cam\u00e9lia","isPartOf":{"@id":"https:\/\/www.casacamelia.pt\/pt-pt\/#website"},"datePublished":"2019-04-08T17:29:51+00:00","dateModified":"2022-01-08T15:36:04+00:00","breadcrumb":{"@id":"https:\/\/www.casacamelia.pt\/de\/garden\/#breadcrumb"},"inLanguage":"de","potentialAction":[{"@type":"ReadAction","target":["https:\/\/www.casacamelia.pt\/de\/garden\/"]}]},{"@type":"BreadcrumbList","@id":"https:\/\/www.casacamelia.pt\/de\/garden\/#breadcrumb","itemListElement":[{"@type":"ListItem","position":1,"name":"Home","item":"https:\/\/www.casacamelia.pt\/de\/"},{"@type":"ListItem","position":2,"name":"Garten"}]},{"@type":"WebSite","@id":"https:\/\/www.casacamelia.pt\/pt-pt\/#website","url":"https:\/\/www.casacamelia.pt\/pt-pt\/","name":"Casa Cam\u00e9lia","description":"","potentialAction":[{"@type":"SearchAction","target":{"@type":"EntryPoint","urlTemplate":"https:\/\/www.casacamelia.pt\/pt-pt\/?s={search_term_string}"},"query-input":{"@type":"PropertyValueSpecification","valueRequired":true,"valueName":"search_term_string"}}],"inLanguage":"de"}]}},"_links":{"self":[{"href":"https:\/\/www.casacamelia.pt\/de\/wp-json\/wp\/v2\/pages\/2283","targetHints":{"allow":["GET"]}}],"collection":[{"href":"https:\/\/www.casacamelia.pt\/de\/wp-json\/wp\/v2\/pages"}],"about":[{"href":"https:\/\/www.casacamelia.pt\/de\/wp-json\/wp\/v2\/types\/page"}],"author":[{"embeddable":true,"href":"https:\/\/www.casacamelia.pt\/de\/wp-json\/wp\/v2\/users\/1"}],"replies":[{"embeddable":true,"href":"https:\/\/www.casacamelia.pt\/de\/wp-json\/wp\/v2\/comments?post=2283"}],"version-history":[{"count":10,"href":"https:\/\/www.casacamelia.pt\/de\/wp-json\/wp\/v2\/pages\/2283\/revisions"}],"predecessor-version":[{"id":3561,"href":"https:\/\/www.casacamelia.pt\/de\/wp-json\/wp\/v2\/pages\/2283\/revisions\/3561"}],"wp:attachment":[{"href":"https:\/\/www.casacamelia.pt\/de\/wp-json\/wp\/v2\/media?parent=2283"}],"curies":[{"name":"wp","href":"https:\/\/api.w.org\/{rel}","templated":true}]}}