{"id":2287,"date":"2017-02-07T13:00:33","date_gmt":"2017-02-07T13:00:33","guid":{"rendered":"https:\/\/casacamelia.dev2.shareit.dev\/home-2-2\/"},"modified":"2023-12-08T19:35:00","modified_gmt":"2023-12-08T19:35:00","slug":"home-2-2","status":"publish","type":"page","link":"https:\/\/www.casacamelia.pt\/de\/","title":{"rendered":"HOME"},"content":{"rendered":"<div class=\"wpb-content-wrapper\">[vc_row equal_columns=&#8220;true&#8220; el_class=&#8220;homepage-main&#8220;][vc_column][\/vc_column][\/vc_row][vc_row fullwidth=&#8220;true&#8220; disable_element=&#8220;yes&#8220; id=&#8220;booking-form&#8220;][vc_column][vc_column_text css=&#8220;.vc_custom_1545142904867{margin-bottom: 0px !important;border-top-width: 1px !important;border-bottom-width: 1px !important;border-top-color: #f3efe9 !important;border-bottom-color: #f3efe9 !important;}&#8220;]<div class=\"bookingFormContainer\">\r\n                        <form class=\"\" action=\"\" >\r\n                            <fieldset class=\"fourth-width\">\r\n                                <label>\r\n                                    Ckeck-In\r\n                                <\/label>\r\n                                <input type=\"text\" id=\"dateTo\" autocomplete=\"off\">\r\n                            <\/fieldset>\r\n                            <fieldset class=\"fourth-width\">\r\n                                <label>\r\n                                    Check-Out\r\n                                <\/label>\r\n                                <input type=\"text\" id=\"dateFrom\" autocomplete=\"off\">\r\n                            <\/fieldset>\r\n                            <fieldset class=\"eighth-width\">\r\n                                <label>\r\n                                    Adultos\r\n                                <\/label>\r\n                                <select id=\"adults\">\r\n                                    <option value=\"0\">0<\/option>\r\n                                    <option value=\"1\">1<\/option>\r\n                                    <option value=\"2\">2<\/option>\r\n                                    <option value=\"3\">3<\/option>\r\n                                    <option value=\"4\">4<\/option>\r\n                                <\/select>\r\n                            <\/fieldset>\r\n                            <fieldset class=\"noMarginRight eighth-width\">\r\n                                 <label>\r\n                                        Crian\u00e7as\r\n                                    <\/label>\r\n                                    <select id=\"children\">\r\n                                        <option value=\"0\">0<\/option>\r\n                                        <option value=\"1\">1<\/option>\r\n                                        <option value=\"2\">2<\/option>\r\n                                        <option value=\"3\">3<\/option>\r\n                                        <option value=\"4\">4<\/option>\r\n                                    <\/select>\r\n                            <\/fieldset>\r\n                            <fieldset class=\"noMarginRight fourth-width submit-field\">\r\n                                <input type=\"submit\" value=\"Book Now\"\/>\r\n                            <\/fieldset>\r\n                        <\/form>\r\n                    <\/div>[\/vc_column_text][\/vc_column][\/vc_row][mk_page_section bg_color=&#8220;#ffffff&#8220; bg_position=&#8220;center center&#8220; bg_repeat=&#8220;no-repeat&#8220; enable_3d=&#8220;true&#8220; min_height=&#8220;90&#8243; full_width=&#8220;true&#8220; padding_top=&#8220;20&#8243; padding_bottom=&#8220;90&#8243; sidebar=&#8220;sidebar-1&#8243;][vc_column][mk_padding_divider size=&#8220;100&#8243;][mk_fancy_title color=&#8220;#000000&#8243; size=&#8220;60&#8243; force_font_size=&#8220;true&#8220; size_phone=&#8220;25&#8243; txt_transform=&#8220;uppercase&#8220; margin_bottom=&#8220;0&#8243; font_family=&#8220;none&#8220; align=&#8220;center&#8220;]Einzigartige Stadtvilla[\/mk_fancy_title][mk_fancy_title color=&#8220;#000000&#8243; size=&#8220;40&#8243; force_font_size=&#8220;true&#8220; size_phone=&#8220;25&#8243; txt_transform=&#8220;uppercase&#8220; margin_bottom=&#8220;0&#8243; font_family=&#8220;none&#8220; align=&#8220;center&#8220;]im Herzen von Porto[\/mk_fancy_title][mk_padding_divider size=&#8220;60&#8243;][vc_row_inner][vc_column_inner width=&#8220;1\/4&#8243; offset=&#8220;vc_hidden-sm vc_hidden-xs&#8220;][mk_image src=&#8220;https:\/\/www.casacamelia.pt\/wp-content\/uploads\/2020\/11\/garden-1-1_flipped.png&#8220; image_size=&#8220;full&#8220; pxs=&#8220;true&#8220; pxs_x=&#8220;0&#8243; pxs_y=&#8220;-100&#8243; pxs_z=&#8220;0&#8243;][\/vc_column_inner][vc_column_inner offset=&#8220;vc_col-lg-6 vc_col-md-6 vc_col-xs-12&#8243;][vc_column_text disable_pattern=&#8220;false&#8220; align=&#8220;center&#8220; margin_bottom=&#8220;30&#8243; css=&#8220;.vc_custom_1676971779567{margin-bottom: 50px !important;}&#8220;]Die wundersch\u00f6n renovierte Stadtvilla CASA CAM\u00c9LIA liegt im Herzen von Porto, in kurzer Gehdistanz vom Fluss Duoro, den wichtigsten Sehensw\u00fcrdigkeiten, Bars und Restaurants entfernt.<\/p>\n<p>Das Haus stammt aus dem 18. Jahrhundert und war seit jeher f\u00fcr die Stadt ein Ort von historischer Bedeutung. Ein romantischer und weitl\u00e4ufiger Garten mit einem kleinen Wald aus einzigartigen Kamelien liegt auf der von der Strasse abgewandten Seite des Hauses, versteckt vor den Blicken der Passanten. Der Name des Hauses ist nicht nur eine Hommage an diese \u00fcppig bl\u00fchenden B\u00e4ume, sondern auch an die Stadt Porto, die auch die \u201eStadt der Kamelien\u201c genannt wird.<\/p>\n<p>Im Jahr 2020 wurden das Haus und der Garten komplett renoviert und Ende Herbst 2021 er\u00f6ffnet um G\u00e4ste aus aller Welt willkommen zu heissen.[\/vc_column_text][\/vc_column_inner][vc_column_inner width=&#8220;1\/4&#8243; offset=&#8220;vc_hidden-sm vc_hidden-xs&#8220;][mk_image src=&#8220;https:\/\/www.casacamelia.pt\/wp-content\/uploads\/2018\/11\/flowers3.png&#8220; image_size=&#8220;full&#8220; pxs=&#8220;true&#8220; pxs_x=&#8220;0&#8243; pxs_y=&#8220;-100&#8243; pxs_z=&#8220;0&#8243;][\/vc_column_inner][\/vc_row_inner][mk_padding_divider size=&#8220;60&#8243;][vc_row_inner][vc_column_inner width=&#8220;1\/4&#8243;][mk_image src=&#8220;https:\/\/www.casacamelia.pt\/wp-content\/uploads\/2018\/11\/rooms-1.png&#8220; image_size=&#8220;full&#8220; align=&#8220;center&#8220; margin_bottom=&#8220;30&#8243;][mk_fancy_title tag_name=&#8220;h5&#8243; color=&#8220;#000000&#8243; size=&#8220;18&#8243; font_weight=&#8220;bold&#8220; txt_transform=&#8220;uppercase&#8220; margin_bottom=&#8220;0&#8243; font_family=&#8220;Source+Sans+Pro&#8220; font_type=&#8220;google&#8220; align=&#8220;center&#8220;]9 Zimmer[\/mk_fancy_title][\/vc_column_inner][vc_column_inner width=&#8220;1\/4&#8243;][mk_image src=&#8220;https:\/\/www.casacamelia.pt\/wp-content\/uploads\/2018\/11\/cooffe-1.png&#8220; image_size=&#8220;full&#8220; align=&#8220;center&#8220; margin_bottom=&#8220;30&#8243;][mk_fancy_title tag_name=&#8220;h5&#8243; color=&#8220;#000000&#8243; size=&#8220;18&#8243; font_weight=&#8220;bold&#8220; txt_transform=&#8220;uppercase&#8220; margin_bottom=&#8220;0&#8243; font_family=&#8220;Source+Sans+Pro&#8220; font_type=&#8220;google&#8220; align=&#8220;center&#8220;]Fr\u00fchst\u00fccksbuffet[\/mk_fancy_title][\/vc_column_inner][vc_column_inner width=&#8220;1\/4&#8243;][mk_image src=&#8220;https:\/\/www.casacamelia.pt\/wp-content\/uploads\/2018\/11\/garden.png&#8220; image_size=&#8220;full&#8220; align=&#8220;center&#8220; margin_bottom=&#8220;30&#8243;][mk_fancy_title tag_name=&#8220;h5&#8243; color=&#8220;#000000&#8243; size=&#8220;18&#8243; font_weight=&#8220;bold&#8220; txt_transform=&#8220;uppercase&#8220; margin_bottom=&#8220;0&#8243; font_family=&#8220;Source+Sans+Pro&#8220; font_type=&#8220;google&#8220; align=&#8220;center&#8220;]Terrasse und Garten[\/mk_fancy_title][\/vc_column_inner][vc_column_inner width=&#8220;1\/4&#8243;][mk_image src=&#8220;https:\/\/www.casacamelia.pt\/wp-content\/uploads\/2019\/02\/pavilion-1.png&#8220; image_size=&#8220;full&#8220; align=&#8220;center&#8220; margin_bottom=&#8220;30&#8243;][mk_fancy_title tag_name=&#8220;h5&#8243; color=&#8220;#000000&#8243; size=&#8220;18&#8243; font_weight=&#8220;bold&#8220; txt_transform=&#8220;uppercase&#8220; margin_bottom=&#8220;0&#8243; font_family=&#8220;Source+Sans+Pro&#8220; font_type=&#8220;google&#8220; align=&#8220;center&#8220;]Pavillon[\/mk_fancy_title][\/vc_column_inner][\/vc_row_inner][\/vc_column][\/mk_page_section][mk_page_section layout_structure=&#8220;half_left&#8220; bg_image=&#8220;https:\/\/www.casacamelia.pt\/wp-content\/uploads\/2021\/10\/casacamelia_boutique-hotel_camelia-1.jpg&#8220; bg_color=&#8220;#f3efe9&#8243; min_height=&#8220;600&#8243; full_width=&#8220;true&#8220; js_vertical_centered=&#8220;true&#8220; padding_top=&#8220;90&#8243; padding_bottom=&#8220;90&#8243;][vc_column][mk_padding_divider visibility=&#8220;visible-sm&#8220;][mk_fancy_title tag_name=&#8220;h5&#8243; color=&#8220;#000000&#8243; size=&#8220;18&#8243; font_weight=&#8220;bold&#8220; txt_transform=&#8220;uppercase&#8220; letter_spacing=&#8220;4&#8243; margin_bottom=&#8220;0&#8243; font_family=&#8220;Source+Sans+Pro&#8220; font_type=&#8220;google&#8220; align=&#8220;center&#8220;]Zimmer[\/mk_fancy_title][mk_fancy_title tag_name=&#8220;h3&#8243; color=&#8220;#000000&#8243; size=&#8220;40&#8243; force_font_size=&#8220;true&#8220; size_tablet=&#8220;30&#8243; size_phone=&#8220;25&#8243; txt_transform=&#8220;uppercase&#8220; margin_bottom=&#8220;35&#8243; font_family=&#8220;none&#8220; align=&#8220;center&#8220;]Unvergessliches Erlebnis[\/mk_fancy_title][vc_column_text disable_pattern=&#8220;false&#8220; align=&#8220;center&#8220; margin_bottom=&#8220;25&#8243; css=&#8220;.vc_custom_1606771727413{margin-bottom: 25px !important;}&#8220;]Alle neun Zimmer des CASA CAM\u00c9LIA haben einen einzigartigen Charakter und Blick auf den Fluss Duoro, den Garten oder die Umgebung. Sie werden von der ber\u00fchmten lokalen K\u00fcnstlerin Marta Vilarinho de Freitas individuell mit einzigartigen Wandgem\u00e4lden dekoriert, die sich auf die Stadt und die Blumen im Garten des Hauses beziehen. Alle Zimmer sind sorgf\u00e4ltig gestaltet, um unseren G\u00e4sten ein unvergessliches Erlebnis zu bieten.[\/vc_column_text][mk_button dimension=&#8220;outline&#8220; size=&#8220;large&#8220; letter_spacing=&#8220;4&#8243; url=&#8220;https:\/\/www.casacamelia.pt\/rooms\/?lang=de&#8220; align=&#8220;center&#8220; margin_bottom=&#8220;0&#8243; margin_right=&#8220;0&#8243; outline_skin=&#8220;custom&#8220; outline_active_text_color=&#8220;#86704d&#8220; outline_hover_bg_color=&#8220;#86704d&#8220; outline_hover_color=&#8220;#ffffff&#8220;]DETAILS[\/mk_button][mk_padding_divider visibility=&#8220;visible-sm&#8220;][\/vc_column][\/mk_page_section][mk_page_section layout_structure=&#8220;half_right&#8220; bg_image=&#8220;https:\/\/www.casacamelia.pt\/wp-content\/uploads\/2019\/11\/portugal-porto-boutique-hotel-m.jpg&#8220; bg_color=&#8220;#f3efe9&#8243; min_height=&#8220;600&#8243; full_width=&#8220;true&#8220; padding_top=&#8220;90&#8243; padding_bottom=&#8220;90&#8243;][vc_column][mk_fancy_title tag_name=&#8220;h5&#8243; color=&#8220;#000000&#8243; size=&#8220;18&#8243; font_weight=&#8220;bold&#8220; txt_transform=&#8220;uppercase&#8220; letter_spacing=&#8220;4&#8243; margin_bottom=&#8220;0&#8243; font_family=&#8220;Source+Sans+Pro&#8220; font_type=&#8220;google&#8220; align=&#8220;center&#8220;]PORTO[\/mk_fancy_title][mk_fancy_title tag_name=&#8220;h3&#8243; color=&#8220;#000000&#8243; size=&#8220;40&#8243; force_font_size=&#8220;true&#8220; size_tablet=&#8220;30&#8243; size_phone=&#8220;25&#8243; txt_transform=&#8220;uppercase&#8220; margin_bottom=&#8220;35&#8243; font_family=&#8220;none&#8220; align=&#8220;center&#8220;]Eine altehrw\u00fcrdige Stadt<br \/>\nin neuem Glanz[\/mk_fancy_title][vc_column_text disable_pattern=&#8220;false&#8220; align=&#8220;center&#8220; margin_bottom=&#8220;25&#8243; css=&#8220;.vc_custom_1606771837202{margin-bottom: 25px !important;}&#8220;]Die fantastische und pulsierende UNESCO Weltkulturerbestadt PORTO liegt am Ufer des Flusses Duoro und ist nur ein Steinwurf vom Atlantischen Ozean entfernt. In Porto gibt es viel zu sehen und erleben. Die Stadt bietet nicht nur viele faszinierende historische und kulturelle Attraktionen, sondern auch eine breite Palette von Aktivit\u00e4ten. In den letzten Jahren hat sich Porto zu einem der gefragtesten Reiseziele Westeuropas entwickelt. Gerade eben wurde die Stadt zur \u201cEuropean City of the Year 2020\u201d gew\u00e4hlt.<\/p>\n<p>Porto w\u00e4re nicht Porto ohne seine warmherzigen Bewohner. Die Freundlichkeit, Hilfsbereitschaft und Nahbarkeit der Menschen aus dem Norden Portugals ist legend\u00e4r, und G\u00e4ste aus aller Welt f\u00fchlen sich hier herzlich willkommen.[\/vc_column_text][mk_button dimension=&#8220;outline&#8220; size=&#8220;large&#8220; letter_spacing=&#8220;4&#8243; url=&#8220;https:\/\/www.casacamelia.pt\/wp-content\/uploads\/2019\/12\/porto_tourist-map.jpg&#8220; align=&#8220;center&#8220; margin_bottom=&#8220;0&#8243; margin_right=&#8220;0&#8243; el_class=&#8220;fancybox-popup&#8220; outline_skin=&#8220;custom&#8220; outline_active_text_color=&#8220;#86704d&#8220; outline_hover_bg_color=&#8220;#86704d&#8220; outline_hover_color=&#8220;#ffffff&#8220;]KARTE[\/mk_button][\/vc_column][\/mk_page_section][mk_page_section layout_structure=&#8220;half_left&#8220; bg_image=&#8220;https:\/\/www.casacamelia.pt\/wp-content\/uploads\/2021\/12\/casacamelia_marta-vilarinho-de-freitas.jpg&#8220; bg_color=&#8220;#f3efe9&#8243; min_height=&#8220;600&#8243; full_width=&#8220;true&#8220; js_vertical_centered=&#8220;true&#8220; padding_top=&#8220;90&#8243; padding_bottom=&#8220;90&#8243;][vc_column][mk_padding_divider visibility=&#8220;visible-sm&#8220;][mk_fancy_title tag_name=&#8220;h5&#8243; color=&#8220;#000000&#8243; size=&#8220;18&#8243; font_weight=&#8220;bold&#8220; txt_transform=&#8220;uppercase&#8220; letter_spacing=&#8220;4&#8243; margin_bottom=&#8220;0&#8243; font_family=&#8220;Source+Sans+Pro&#8220; font_type=&#8220;google&#8220; align=&#8220;center&#8220;]Wall-Art[\/mk_fancy_title][mk_fancy_title tag_name=&#8220;h3&#8243; color=&#8220;#000000&#8243; size=&#8220;40&#8243; force_font_size=&#8220;true&#8220; size_tablet=&#8220;30&#8243; size_phone=&#8220;25&#8243; txt_transform=&#8220;uppercase&#8220; margin_bottom=&#8220;35&#8243; font_family=&#8220;none&#8220; align=&#8220;center&#8220;]Jedes Zimmer<br \/>\nein einzigartiges Kunstwerk[\/mk_fancy_title][vc_column_text disable_pattern=&#8220;false&#8220; align=&#8220;center&#8220; margin_bottom=&#8220;25&#8243; css=&#8220;.vc_custom_1640527377764{margin-bottom: 25px !important;}&#8220;]Die Wandbilder in unseren Zimmern zeigen Marta Vilarinho de Freitas&#8216;\u00a0 Liebe zum Detail in jedem einzelnen von ihr gezeichneten Geb\u00e4ude. Ihr grosses Talent, ihre Passion f\u00fcr die Architektur und ihre professionelle Einstellung zu allem was sie tut, machen sie zu einer hochgesch\u00e4tzten und geachteten K\u00fcnstlerin.<\/p>\n<p>Sie hat Bilder geschaffen, die Geschichten \u00fcber jene Stadt erz\u00e4hlen, die wir alle aus tiefstem Herzen lieben\u2026 OPORTO[\/vc_column_text][mk_padding_divider visibility=&#8220;visible-sm&#8220;][\/vc_column][\/mk_page_section][mk_page_section bg_image=&#8220;https:\/\/www.casacamelia.pt\/wp-content\/uploads\/2018\/11\/pattern5.png&#8220; bg_color=&#8220;#ffffff&#8220; bg_position=&#8220;right center&#8220; bg_repeat=&#8220;no-repeat&#8220; enable_3d=&#8220;true&#8220; padding_top=&#8220;90&#8243; padding_bottom=&#8220;90&#8243; el_class=&#8220;homepage-background-pattern&#8220; sidebar=&#8220;sidebar-1&#8243;][vc_column width=&#8220;5\/12&#8243;][mk_fancy_title tag_name=&#8220;h3&#8243; color=&#8220;#000000&#8243; size=&#8220;40&#8243; force_font_size=&#8220;true&#8220; size_tablet=&#8220;30&#8243; size_phone=&#8220;25&#8243; txt_transform=&#8220;uppercase&#8220; margin_bottom=&#8220;35&#8243; font_family=&#8220;none&#8220; align=&#8220;center&#8220;]Sehensw\u00fcrdigkeiten in Porto[\/mk_fancy_title][mk_swipe_slideshow images=&#8220;1761,1764,1824,1827&#8243; image_width=&#8220;445&#8243; image_height=&#8220;299&#8243;][mk_padding_divider size=&#8220;20&#8243;][vc_column_text disable_pattern=&#8220;false&#8220; align=&#8220;center&#8220; margin_bottom=&#8220;30&#8243; css=&#8220;.vc_custom_1606771991591{margin-bottom: 50px !important;}&#8220;]Die Altstadt von Porto bietet eine Vielzahl von Sehensw\u00fcrdigkeiten, die zu Fuss bequem erreichbar sind. Zu den Hauptattraktionen z\u00e4hlen die wundersch\u00f6n aneinandergereihten H\u00e4user an der Ribeira, die Livraria Lello, das Caf\u00e9 Majestic, die historischen Strassenbahnen oder die Weinkeller auf der gegen\u00fcberliegenden Flussseite des Duoros.[\/vc_column_text][mk_padding_divider size=&#8220;120&#8243;][mk_fancy_title tag_name=&#8220;h3&#8243; color=&#8220;#000000&#8243; size=&#8220;40&#8243; force_font_size=&#8220;true&#8220; size_tablet=&#8220;30&#8243; size_phone=&#8220;25&#8243; txt_transform=&#8220;uppercase&#8220; margin_bottom=&#8220;35&#8243; font_family=&#8220;none&#8220; align=&#8220;center&#8220;]Aktivit\u00e4ten[\/mk_fancy_title][mk_swipe_slideshow images=&#8220;1735,1741,1738,1744&#8243; image_width=&#8220;445&#8243; image_height=&#8220;299&#8243;][mk_padding_divider size=&#8220;20&#8243;][vc_column_text disable_pattern=&#8220;false&#8220; align=&#8220;center&#8220; margin_bottom=&#8220;30&#8243; css=&#8220;.vc_custom_1661167216971{margin-bottom: 50px !important;}&#8220;]In der Umgebung von Porto gibt es eine Vielzahl von Aktivit\u00e4ten wie Wandern, Radfahren, Surfen oder Motorradfahren.[\/vc_column_text][mk_padding_divider size=&#8220;120&#8243;][\/vc_column][vc_column width=&#8220;2\/12&#8243;][mk_image src=&#8220;https:\/\/www.casacamelia.pt\/wp-content\/uploads\/2018\/11\/garden-4.png&#8220; image_size=&#8220;full&#8220; pxs=&#8220;true&#8220; pxs_x=&#8220;0&#8243; pxs_y=&#8220;-100&#8243; pxs_z=&#8220;0&#8243;][\/vc_column][vc_column width=&#8220;5\/12&#8243;][mk_padding_divider size=&#8220;180&#8243;][mk_fancy_title tag_name=&#8220;h3&#8243; color=&#8220;#000000&#8243; size=&#8220;40&#8243; force_font_size=&#8220;true&#8220; size_tablet=&#8220;30&#8243; size_phone=&#8220;25&#8243; txt_transform=&#8220;uppercase&#8220; margin_bottom=&#8220;35&#8243; font_family=&#8220;none&#8220; align=&#8220;center&#8220;]Sehensw\u00fcrdigkeiten in der N\u00e4he[\/mk_fancy_title][mk_swipe_slideshow images=&#8220;1783,1777,1774,1831&#8243; image_width=&#8220;445&#8243; image_height=&#8220;299&#8243;][mk_padding_divider size=&#8220;20&#8243;][vc_column_text disable_pattern=&#8220;false&#8220; align=&#8220;center&#8220; margin_bottom=&#8220;30&#8243; css=&#8220;.vc_custom_1606772009967{margin-bottom: 50px !important;}&#8220;]In der Umgebung von Porto gibt es viele Dinge zu sehen und zu tun. Unsere G\u00e4ste k\u00f6nnen an einer Tour durch das atemberaubend sch\u00f6ne und weltber\u00fchmte Douro-Tal teilnehmen, historische St\u00e4dte in der N\u00e4he besuchen, eine Wanderung im wilden und gr\u00fcnen Ger\u00eas-Nationalpark unternehmen oder den Sandstr\u00e4nden entlang spazieren.[\/vc_column_text][\/vc_column][\/mk_page_section][vc_row fullwidth=&#8220;true&#8220; attached=&#8220;true&#8220;][vc_column][mk_gallery images=&#8220;1042,1045,1048,1051,1054,1060,1063,1066,1069,1072&#8243; column=&#8220;5&#8243; height=&#8220;198&#8243; item_spacing=&#8220;2&#8243; margin_bottom=&#8220;&#8220;][\/vc_column][\/vc_row][mk_page_section bg_color=&#8220;#f3efe9&#8243; bg_position=&#8220;center center&#8220; bg_repeat=&#8220;no-repeat&#8220; bg_stretch=&#8220;true&#8220; enable_3d=&#8220;true&#8220; js_vertical_centered=&#8220;true&#8220; padding_top=&#8220;90&#8243; padding_bottom=&#8220;90&#8243; sidebar=&#8220;sidebar-1&#8243;][vc_column width=&#8220;1\/4&#8243;][mk_padding_divider size=&#8220;120&#8243;][mk_fancy_title size=&#8220;40&#8243; force_font_size=&#8220;true&#8220; size_phone=&#8220;25&#8243; txt_transform=&#8220;uppercase&#8220; margin_bottom=&#8220;0&#8243; font_family=&#8220;none&#8220; align=&#8220;center&#8220;]Kontakt[\/mk_fancy_title][\/vc_column][vc_column width=&#8220;1\/2&#8243;][mk_image src=&#8220;https:\/\/www.casacamelia.pt\/wp-content\/uploads\/2020\/01\/casacamelia_brown_v1.png&#8220; image_size=&#8220;full&#8220; align=&#8220;center&#8220;][mk_padding_divider size=&#8220;35&#8243;][mk_fancy_title tag_name=&#8220;h6&#8243; color=&#8220;#86704d&#8220; size=&#8220;16&#8243; font_weight=&#8220;400&#8243; letter_spacing=&#8220;1&#8243; margin_bottom=&#8220;&#8220; font_family=&#8220;Source+Sans+Pro&#8220; font_type=&#8220;google&#8220; align=&#8220;center&#8220; animation=&#8220;left-to-right&#8220;]\n<p style=\"text-align: center;\">Rua da Bandeirinha 26, 4050-088 Porto<br \/>\n<a href=\"#\">+351\u00a0<\/a><a href=\"#\">965 427 555<\/a> \u00a0 <a href=\"mailto:book@casacamelia.pt\">book@casacamelia.pt<\/a><\/p>\n[\/mk_fancy_title][\/vc_column][vc_column width=&#8220;1\/4&#8243;][mk_padding_divider size=&#8220;108&#8243;][mk_social_networks size=&#8220;medium&#8220; style=&#8220;simple&#8220; margin=&#8220;15&#8243; icon_color=&#8220;#86704d&#8220; icon_hover_color=&#8220;#86704d&#8220; align=&#8220;center&#8220; facebook=&#8220;https:\/\/www.facebook.com\/casacamelia.porto&#8220; google_plus=&#8220;https:\/\/www.google.com\/maps\/place\/CASA+CAM%C3%89LIA\/@41.1450251,-8.6237727,17z\/data=!3m1!4b1!4m8!3m7!1s0xd24657598b343bb:0x3c6c1b9734d008ef!5m2!4m1!1i2!8m2!3d41.1449994!4d-8.6215559&#8243; instagram=&#8220;https:\/\/www.instagram.com\/casacamelia_porto\/?hl=pt&#8220;][\/vc_column][\/mk_page_section]\n<\/div>","protected":false},"excerpt":{"rendered":"<p>[vc_row equal_columns=&#8220;true&#8220; el_class=&#8220;homepage-main&#8220;][vc_column][\/vc_column][\/vc_row][vc_row fullwidth=&#8220;true&#8220; disable_element=&#8220;yes&#8220; id=&#8220;booking-form&#8220;][vc_column][vc_column_text css=&#8220;.vc_custom_1545142904867{margin-bottom: 0px !important;border-top-width: 1px !important;border-bottom-width: 1px !important;border-top-color: #f3efe9 !important;border-bottom-color: #f3efe9 !important;}&#8220;][\/vc_column_text][\/vc_column][\/vc_row][mk_page_section bg_color=&#8220;#ffffff&#8220; bg_position=&#8220;center center&#8220; bg_repeat=&#8220;no-repeat&#8220; enable_3d=&#8220;true&#8220; min_height=&#8220;90&#8243; full_width=&#8220;true&#8220; padding_top=&#8220;20&#8243; padding_bottom=&#8220;90&#8243; sidebar=&#8220;sidebar-1&#8243;][vc_column][mk_padding_divider size=&#8220;100&#8243;][mk_fancy_title color=&#8220;#000000&#8243; size=&#8220;60&#8243; force_font_size=&#8220;true&#8220; size_phone=&#8220;25&#8243; txt_transform=&#8220;uppercase&#8220; margin_bottom=&#8220;0&#8243; font_family=&#8220;none&#8220; align=&#8220;center&#8220;]Einzigartige Stadtvilla[\/mk_fancy_title][mk_fancy_title color=&#8220;#000000&#8243; size=&#8220;40&#8243; force_font_size=&#8220;true&#8220; size_phone=&#8220;25&#8243; txt_transform=&#8220;uppercase&#8220; margin_bottom=&#8220;0&#8243; font_family=&#8220;none&#8220; align=&#8220;center&#8220;]im Herzen von Porto[\/mk_fancy_title][mk_padding_divider size=&#8220;60&#8243;][vc_row_inner][vc_column_inner width=&#8220;1\/4&#8243; offset=&#8220;vc_hidden-sm vc_hidden-xs&#8220;][mk_image src=&#8220;https:\/\/www.casacamelia.pt\/wp-content\/uploads\/2020\/11\/garden-1-1_flipped.png&#8220; image_size=&#8220;full&#8220; pxs=&#8220;true&#8220; [&hellip;]<\/p>\n","protected":false},"author":2,"featured_media":0,"parent":0,"menu_order":0,"comment_status":"closed","ping_status":"closed","template":"","meta":{"_acf_changed":false,"rs_blank_template":"","rs_page_bg_color":"","slide_template_v7":"","footnotes":""},"class_list":["post-2287","page","type-page","status-publish","hentry"],"acf":[],"yoast_head":"<!-- This site is optimized with the Yoast SEO plugin v27.5 - https:\/\/yoast.com\/product\/yoast-seo-wordpress\/ -->\n<title>HOME - Casa Cam\u00e9lia<\/title>\n<meta name=\"robots\" content=\"index, follow, max-snippet:-1, max-image-preview:large, max-video-preview:-1\" \/>\n<link rel=\"canonical\" href=\"https:\/\/www.casacamelia.pt\/de\/\" \/>\n<meta property=\"og:locale\" content=\"de_DE\" \/>\n<meta property=\"og:type\" content=\"article\" \/>\n<meta property=\"og:title\" content=\"HOME - Casa Cam\u00e9lia\" \/>\n<meta property=\"og:description\" content=\"[vc_row equal_columns=&#8220;true&#8220; el_class=&#8220;homepage-main&#8220;][vc_column][\/vc_column][\/vc_row][vc_row fullwidth=&#8220;true&#8220; disable_element=&#8220;yes&#8220; id=&#8220;booking-form&#8220;][vc_column][vc_column_text css=&#8220;.vc_custom_1545142904867{margin-bottom: 0px !important;border-top-width: 1px !important;border-bottom-width: 1px !important;border-top-color: #f3efe9 !important;border-bottom-color: #f3efe9 !important;}&#8220;][\/vc_column_text][\/vc_column][\/vc_row][mk_page_section bg_color=&#8220;#ffffff&#8220; bg_position=&#8220;center center&#8220; bg_repeat=&#8220;no-repeat&#8220; enable_3d=&#8220;true&#8220; min_height=&#8220;90&#8243; full_width=&#8220;true&#8220; padding_top=&#8220;20&#8243; padding_bottom=&#8220;90&#8243; sidebar=&#8220;sidebar-1&#8243;][vc_column][mk_padding_divider size=&#8220;100&#8243;][mk_fancy_title color=&#8220;#000000&#8243; size=&#8220;60&#8243; force_font_size=&#8220;true&#8220; size_phone=&#8220;25&#8243; txt_transform=&#8220;uppercase&#8220; margin_bottom=&#8220;0&#8243; font_family=&#8220;none&#8220; align=&#8220;center&#8220;]Einzigartige Stadtvilla[\/mk_fancy_title][mk_fancy_title color=&#8220;#000000&#8243; size=&#8220;40&#8243; force_font_size=&#8220;true&#8220; size_phone=&#8220;25&#8243; txt_transform=&#8220;uppercase&#8220; margin_bottom=&#8220;0&#8243; font_family=&#8220;none&#8220; align=&#8220;center&#8220;]im Herzen von Porto[\/mk_fancy_title][mk_padding_divider size=&#8220;60&#8243;][vc_row_inner][vc_column_inner width=&#8220;1\/4&#8243; offset=&#8220;vc_hidden-sm vc_hidden-xs&#8220;][mk_image src=&#8220;https:\/\/www.casacamelia.pt\/wp-content\/uploads\/2020\/11\/garden-1-1_flipped.png&#8220; image_size=&#8220;full&#8220; pxs=&#8220;true&#8220; [&hellip;]\" \/>\n<meta property=\"og:url\" content=\"https:\/\/www.casacamelia.pt\/de\/\" \/>\n<meta property=\"og:site_name\" content=\"Casa Cam\u00e9lia\" \/>\n<meta property=\"article:modified_time\" content=\"2023-12-08T19:35:00+00:00\" \/>\n<meta name=\"twitter:card\" content=\"summary_large_image\" \/>\n<meta name=\"twitter:label1\" content=\"Gesch\u00e4tzte Lesezeit\" \/>\n\t<meta name=\"twitter:data1\" content=\"4\u00a0Minuten\" \/>\n<script type=\"application\/ld+json\" class=\"yoast-schema-graph\">{\"@context\":\"https:\\\/\\\/schema.org\",\"@graph\":[{\"@type\":\"WebPage\",\"@id\":\"https:\\\/\\\/www.casacamelia.pt\\\/de\\\/\",\"url\":\"https:\\\/\\\/www.casacamelia.pt\\\/de\\\/\",\"name\":\"HOME - Casa Cam\u00e9lia\",\"isPartOf\":{\"@id\":\"https:\\\/\\\/www.casacamelia.pt\\\/pt-pt\\\/#website\"},\"datePublished\":\"2017-02-07T13:00:33+00:00\",\"dateModified\":\"2023-12-08T19:35:00+00:00\",\"breadcrumb\":{\"@id\":\"https:\\\/\\\/www.casacamelia.pt\\\/de\\\/#breadcrumb\"},\"inLanguage\":\"de\",\"potentialAction\":[{\"@type\":\"ReadAction\",\"target\":[\"https:\\\/\\\/www.casacamelia.pt\\\/de\\\/\"]}]},{\"@type\":\"BreadcrumbList\",\"@id\":\"https:\\\/\\\/www.casacamelia.pt\\\/de\\\/#breadcrumb\",\"itemListElement\":[{\"@type\":\"ListItem\",\"position\":1,\"name\":\"Home\",\"item\":\"https:\\\/\\\/www.casacamelia.pt\\\/de\\\/\"},{\"@type\":\"ListItem\",\"position\":2,\"name\":\"HOME\"}]},{\"@type\":\"WebSite\",\"@id\":\"https:\\\/\\\/www.casacamelia.pt\\\/pt-pt\\\/#website\",\"url\":\"https:\\\/\\\/www.casacamelia.pt\\\/pt-pt\\\/\",\"name\":\"Casa Cam\u00e9lia\",\"description\":\"\",\"potentialAction\":[{\"@type\":\"SearchAction\",\"target\":{\"@type\":\"EntryPoint\",\"urlTemplate\":\"https:\\\/\\\/www.casacamelia.pt\\\/pt-pt\\\/?s={search_term_string}\"},\"query-input\":{\"@type\":\"PropertyValueSpecification\",\"valueRequired\":true,\"valueName\":\"search_term_string\"}}],\"inLanguage\":\"de\"}]}<\/script>\n<!-- \/ Yoast SEO plugin. -->","yoast_head_json":{"title":"HOME - Casa Cam\u00e9lia","robots":{"index":"index","follow":"follow","max-snippet":"max-snippet:-1","max-image-preview":"max-image-preview:large","max-video-preview":"max-video-preview:-1"},"canonical":"https:\/\/www.casacamelia.pt\/de\/","og_locale":"de_DE","og_type":"article","og_title":"HOME - Casa Cam\u00e9lia","og_description":"[vc_row equal_columns=&#8220;true&#8220; el_class=&#8220;homepage-main&#8220;][vc_column][\/vc_column][\/vc_row][vc_row fullwidth=&#8220;true&#8220; disable_element=&#8220;yes&#8220; id=&#8220;booking-form&#8220;][vc_column][vc_column_text css=&#8220;.vc_custom_1545142904867{margin-bottom: 0px !important;border-top-width: 1px !important;border-bottom-width: 1px !important;border-top-color: #f3efe9 !important;border-bottom-color: #f3efe9 !important;}&#8220;][\/vc_column_text][\/vc_column][\/vc_row][mk_page_section bg_color=&#8220;#ffffff&#8220; bg_position=&#8220;center center&#8220; bg_repeat=&#8220;no-repeat&#8220; enable_3d=&#8220;true&#8220; min_height=&#8220;90&#8243; full_width=&#8220;true&#8220; padding_top=&#8220;20&#8243; padding_bottom=&#8220;90&#8243; sidebar=&#8220;sidebar-1&#8243;][vc_column][mk_padding_divider size=&#8220;100&#8243;][mk_fancy_title color=&#8220;#000000&#8243; size=&#8220;60&#8243; force_font_size=&#8220;true&#8220; size_phone=&#8220;25&#8243; txt_transform=&#8220;uppercase&#8220; margin_bottom=&#8220;0&#8243; font_family=&#8220;none&#8220; align=&#8220;center&#8220;]Einzigartige Stadtvilla[\/mk_fancy_title][mk_fancy_title color=&#8220;#000000&#8243; size=&#8220;40&#8243; force_font_size=&#8220;true&#8220; size_phone=&#8220;25&#8243; txt_transform=&#8220;uppercase&#8220; margin_bottom=&#8220;0&#8243; font_family=&#8220;none&#8220; align=&#8220;center&#8220;]im Herzen von Porto[\/mk_fancy_title][mk_padding_divider size=&#8220;60&#8243;][vc_row_inner][vc_column_inner width=&#8220;1\/4&#8243; offset=&#8220;vc_hidden-sm vc_hidden-xs&#8220;][mk_image src=&#8220;https:\/\/www.casacamelia.pt\/wp-content\/uploads\/2020\/11\/garden-1-1_flipped.png&#8220; image_size=&#8220;full&#8220; pxs=&#8220;true&#8220; [&hellip;]","og_url":"https:\/\/www.casacamelia.pt\/de\/","og_site_name":"Casa Cam\u00e9lia","article_modified_time":"2023-12-08T19:35:00+00:00","twitter_card":"summary_large_image","twitter_misc":{"Gesch\u00e4tzte Lesezeit":"4\u00a0Minuten"},"schema":{"@context":"https:\/\/schema.org","@graph":[{"@type":"WebPage","@id":"https:\/\/www.casacamelia.pt\/de\/","url":"https:\/\/www.casacamelia.pt\/de\/","name":"HOME - Casa Cam\u00e9lia","isPartOf":{"@id":"https:\/\/www.casacamelia.pt\/pt-pt\/#website"},"datePublished":"2017-02-07T13:00:33+00:00","dateModified":"2023-12-08T19:35:00+00:00","breadcrumb":{"@id":"https:\/\/www.casacamelia.pt\/de\/#breadcrumb"},"inLanguage":"de","potentialAction":[{"@type":"ReadAction","target":["https:\/\/www.casacamelia.pt\/de\/"]}]},{"@type":"BreadcrumbList","@id":"https:\/\/www.casacamelia.pt\/de\/#breadcrumb","itemListElement":[{"@type":"ListItem","position":1,"name":"Home","item":"https:\/\/www.casacamelia.pt\/de\/"},{"@type":"ListItem","position":2,"name":"HOME"}]},{"@type":"WebSite","@id":"https:\/\/www.casacamelia.pt\/pt-pt\/#website","url":"https:\/\/www.casacamelia.pt\/pt-pt\/","name":"Casa Cam\u00e9lia","description":"","potentialAction":[{"@type":"SearchAction","target":{"@type":"EntryPoint","urlTemplate":"https:\/\/www.casacamelia.pt\/pt-pt\/?s={search_term_string}"},"query-input":{"@type":"PropertyValueSpecification","valueRequired":true,"valueName":"search_term_string"}}],"inLanguage":"de"}]}},"_links":{"self":[{"href":"https:\/\/www.casacamelia.pt\/de\/wp-json\/wp\/v2\/pages\/2287","targetHints":{"allow":["GET"]}}],"collection":[{"href":"https:\/\/www.casacamelia.pt\/de\/wp-json\/wp\/v2\/pages"}],"about":[{"href":"https:\/\/www.casacamelia.pt\/de\/wp-json\/wp\/v2\/types\/page"}],"author":[{"embeddable":true,"href":"https:\/\/www.casacamelia.pt\/de\/wp-json\/wp\/v2\/users\/2"}],"replies":[{"embeddable":true,"href":"https:\/\/www.casacamelia.pt\/de\/wp-json\/wp\/v2\/comments?post=2287"}],"version-history":[{"count":10,"href":"https:\/\/www.casacamelia.pt\/de\/wp-json\/wp\/v2\/pages\/2287\/revisions"}],"predecessor-version":[{"id":4990,"href":"https:\/\/www.casacamelia.pt\/de\/wp-json\/wp\/v2\/pages\/2287\/revisions\/4990"}],"wp:attachment":[{"href":"https:\/\/www.casacamelia.pt\/de\/wp-json\/wp\/v2\/media?parent=2287"}],"curies":[{"name":"wp","href":"https:\/\/api.w.org\/{rel}","templated":true}]}}