{"id":2289,"date":"2017-02-07T13:00:33","date_gmt":"2017-02-07T13:00:33","guid":{"rendered":"https:\/\/casacamelia.dev2.shareit.dev\/home-2-2\/"},"modified":"2023-12-10T10:39:31","modified_gmt":"2023-12-10T10:39:31","slug":"home-2-2","status":"publish","type":"page","link":"https:\/\/www.casacamelia.pt\/pt-pt\/","title":{"rendered":"HOME"},"content":{"rendered":"<div class=\"wpb-content-wrapper\">[vc_row equal_columns=&#8221;true&#8221; el_class=&#8221;homepage-main&#8221;][vc_column][\/vc_column][\/vc_row][vc_row fullwidth=&#8221;true&#8221; disable_element=&#8221;yes&#8221; id=&#8221;booking-form&#8221;][vc_column][vc_column_text css=&#8221;.vc_custom_1545142904867{margin-bottom: 0px !important;border-top-width: 1px !important;border-bottom-width: 1px !important;border-top-color: #f3efe9 !important;border-bottom-color: #f3efe9 !important;}&#8221;]<div class=\"bookingFormContainer\">\r\n                        <form class=\"\" action=\"\" >\r\n                            <fieldset class=\"fourth-width\">\r\n                                <label>\r\n                                    Ckeck-In\r\n                                <\/label>\r\n                                <input type=\"text\" id=\"dateTo\" autocomplete=\"off\">\r\n                            <\/fieldset>\r\n                            <fieldset class=\"fourth-width\">\r\n                                <label>\r\n                                    Check-Out\r\n                                <\/label>\r\n                                <input type=\"text\" id=\"dateFrom\" autocomplete=\"off\">\r\n                            <\/fieldset>\r\n                            <fieldset class=\"eighth-width\">\r\n                                <label>\r\n                                    Adultos\r\n                                <\/label>\r\n                                <select id=\"adults\">\r\n                                    <option value=\"0\">0<\/option>\r\n                                    <option value=\"1\">1<\/option>\r\n                                    <option value=\"2\">2<\/option>\r\n                                    <option value=\"3\">3<\/option>\r\n                                    <option value=\"4\">4<\/option>\r\n                                <\/select>\r\n                            <\/fieldset>\r\n                            <fieldset class=\"noMarginRight eighth-width\">\r\n                                 <label>\r\n                                        Crian\u00e7as\r\n                                    <\/label>\r\n                                    <select id=\"children\">\r\n                                        <option value=\"0\">0<\/option>\r\n                                        <option value=\"1\">1<\/option>\r\n                                        <option value=\"2\">2<\/option>\r\n                                        <option value=\"3\">3<\/option>\r\n                                        <option value=\"4\">4<\/option>\r\n                                    <\/select>\r\n                            <\/fieldset>\r\n                            <fieldset class=\"noMarginRight fourth-width submit-field\">\r\n                                <input type=\"submit\" value=\"Book Now\"\/>\r\n                            <\/fieldset>\r\n                        <\/form>\r\n                    <\/div>[\/vc_column_text][\/vc_column][\/vc_row][mk_page_section bg_color=&#8221;#ffffff&#8221; bg_position=&#8221;center center&#8221; bg_repeat=&#8221;no-repeat&#8221; enable_3d=&#8221;true&#8221; min_height=&#8221;90&#8243; full_width=&#8221;true&#8221; padding_top=&#8221;20&#8243; padding_bottom=&#8221;90&#8243; sidebar=&#8221;sidebar-1&#8243;][vc_column][mk_padding_divider size=&#8221;100&#8243;][mk_fancy_title color=&#8221;#000000&#8243; size=&#8221;60&#8243; force_font_size=&#8221;true&#8221; size_phone=&#8221;25&#8243; txt_transform=&#8221;uppercase&#8221; margin_bottom=&#8221;0&#8243; font_family=&#8221;none&#8221; align=&#8221;center&#8221;]SOLAR \u00daNICO[\/mk_fancy_title][mk_fancy_title color=&#8221;#000000&#8243; size=&#8221;40&#8243; force_font_size=&#8221;true&#8221; size_phone=&#8221;25&#8243; txt_transform=&#8221;uppercase&#8221; margin_bottom=&#8221;0&#8243; font_family=&#8221;none&#8221; align=&#8221;center&#8221;]NO CORA\u00c7\u00c3O DO PORTO[\/mk_fancy_title][mk_padding_divider size=&#8221;60&#8243;][vc_row_inner][vc_column_inner width=&#8221;1\/4&#8243; offset=&#8221;vc_hidden-sm vc_hidden-xs&#8221;][mk_image src=&#8221;https:\/\/www.casacamelia.pt\/wp-content\/uploads\/2020\/11\/garden-1-1_flipped.png&#8221; image_size=&#8221;full&#8221; pxs=&#8221;true&#8221; pxs_x=&#8221;0&#8243; pxs_y=&#8221;-100&#8243; pxs_z=&#8221;0&#8243;][\/vc_column_inner][vc_column_inner offset=&#8221;vc_col-lg-6 vc_col-md-6 vc_col-xs-12&#8243;][vc_column_text disable_pattern=&#8221;false&#8221; align=&#8221;center&#8221; margin_bottom=&#8221;30&#8243; css=&#8221;.vc_custom_1676972489860{margin-bottom: 50px !important;}&#8221;]O hist\u00f3rico solar CASA CAM\u00c9LIA fica situado no cora\u00e7\u00e3o do Porto, a apenas uma caminhada de dist\u00e2ncia do rio Douro, das melhores atra\u00e7\u00f5es tur\u00edsticas, bares e restaurantes.<\/p>\n<p>A casa remonta ao s\u00e9culo XVIII e tem sido um lugar de importante destaque desde ent\u00e3o. Atr\u00e1s da casa, escondido da rua, est\u00e1 um vasto e rom\u00e2ntico jardim com uma pequena cole\u00e7\u00e3o de lind\u00edssimas Cam\u00e9lias. O nome da casa n\u00e3o s\u00f3 \u00e9 uma homenagem a estas \u00e1rvores de flor, mas tamb\u00e9m \u00e0 cidade do Porto, conhecida como \u201ca cidade das Cam\u00e9lias\u201d.<\/p>\n<p>Em 2020, a casa e o seu jardim foram totalmente restaurados e abriram as suas portas no final do outono 2021 para receber e acolher h\u00f3spedes dos quatro cantos do mundo.[\/vc_column_text][\/vc_column_inner][vc_column_inner width=&#8221;1\/4&#8243; offset=&#8221;vc_hidden-sm vc_hidden-xs&#8221;][mk_image src=&#8221;https:\/\/www.casacamelia.pt\/wp-content\/uploads\/2018\/11\/flowers3.png&#8221; image_size=&#8221;full&#8221; pxs=&#8221;true&#8221; pxs_x=&#8221;0&#8243; pxs_y=&#8221;-100&#8243; pxs_z=&#8221;0&#8243;][\/vc_column_inner][\/vc_row_inner][mk_padding_divider size=&#8221;60&#8243;][vc_row_inner][vc_column_inner width=&#8221;1\/4&#8243;][mk_image src=&#8221;https:\/\/www.casacamelia.pt\/wp-content\/uploads\/2018\/11\/rooms-1.png&#8221; image_size=&#8221;full&#8221; align=&#8221;center&#8221; margin_bottom=&#8221;30&#8243;][mk_fancy_title tag_name=&#8221;h5&#8243; color=&#8221;#000000&#8243; size=&#8221;18&#8243; font_weight=&#8221;bold&#8221; txt_transform=&#8221;uppercase&#8221; margin_bottom=&#8221;0&#8243; font_family=&#8221;Source+Sans+Pro&#8221; font_type=&#8221;google&#8221; align=&#8221;center&#8221;]9 Quartos[\/mk_fancy_title][\/vc_column_inner][vc_column_inner width=&#8221;1\/4&#8243;][mk_image src=&#8221;https:\/\/www.casacamelia.pt\/wp-content\/uploads\/2018\/11\/cooffe-1.png&#8221; image_size=&#8221;full&#8221; align=&#8221;center&#8221; margin_bottom=&#8221;30&#8243;][mk_fancy_title tag_name=&#8221;h5&#8243; color=&#8221;#000000&#8243; size=&#8221;18&#8243; font_weight=&#8221;bold&#8221; txt_transform=&#8221;uppercase&#8221; margin_bottom=&#8221;0&#8243; font_family=&#8221;Source+Sans+Pro&#8221; font_type=&#8221;google&#8221; align=&#8221;center&#8221;]Buffet de caf\u00e9 da manh\u00e3[\/mk_fancy_title][\/vc_column_inner][vc_column_inner width=&#8221;1\/4&#8243;][mk_image src=&#8221;https:\/\/www.casacamelia.pt\/wp-content\/uploads\/2018\/11\/garden.png&#8221; image_size=&#8221;full&#8221; align=&#8221;center&#8221; margin_bottom=&#8221;30&#8243;][mk_fancy_title tag_name=&#8221;h5&#8243; color=&#8221;#000000&#8243; size=&#8221;18&#8243; font_weight=&#8221;bold&#8221; txt_transform=&#8221;uppercase&#8221; margin_bottom=&#8221;0&#8243; font_family=&#8221;Source+Sans+Pro&#8221; font_type=&#8221;google&#8221; align=&#8221;center&#8221;]Terra\u00e7o e Jardim[\/mk_fancy_title][\/vc_column_inner][vc_column_inner width=&#8221;1\/4&#8243;][mk_image src=&#8221;https:\/\/www.casacamelia.pt\/wp-content\/uploads\/2019\/02\/pavilion-1.png&#8221; image_size=&#8221;full&#8221; align=&#8221;center&#8221; margin_bottom=&#8221;30&#8243;][mk_fancy_title tag_name=&#8221;h5&#8243; color=&#8221;#000000&#8243; size=&#8221;18&#8243; font_weight=&#8221;bold&#8221; txt_transform=&#8221;uppercase&#8221; margin_bottom=&#8221;0&#8243; font_family=&#8221;Source+Sans+Pro&#8221; font_type=&#8221;google&#8221; align=&#8221;center&#8221;]Pavilh\u00e3o[\/mk_fancy_title][\/vc_column_inner][\/vc_row_inner][\/vc_column][\/mk_page_section][mk_page_section layout_structure=&#8221;half_left&#8221; bg_image=&#8221;https:\/\/www.casacamelia.pt\/wp-content\/uploads\/2021\/10\/casacamelia_boutique-hotel_camelia-1.jpg&#8221; bg_color=&#8221;#f3efe9&#8243; min_height=&#8221;600&#8243; full_width=&#8221;true&#8221; js_vertical_centered=&#8221;true&#8221; padding_top=&#8221;90&#8243; padding_bottom=&#8221;90&#8243;][vc_column][mk_padding_divider visibility=&#8221;visible-sm&#8221;][mk_fancy_title tag_name=&#8221;h5&#8243; color=&#8221;#000000&#8243; size=&#8221;18&#8243; font_weight=&#8221;bold&#8221; txt_transform=&#8221;uppercase&#8221; letter_spacing=&#8221;4&#8243; margin_bottom=&#8221;0&#8243; font_family=&#8221;Source+Sans+Pro&#8221; font_type=&#8221;google&#8221; align=&#8221;center&#8221;]Quartos[\/mk_fancy_title][mk_fancy_title tag_name=&#8221;h3&#8243; color=&#8221;#000000&#8243; size=&#8221;40&#8243; force_font_size=&#8221;true&#8221; size_tablet=&#8221;30&#8243; size_phone=&#8221;25&#8243; txt_transform=&#8221;uppercase&#8221; margin_bottom=&#8221;35&#8243; font_family=&#8221;none&#8221; align=&#8221;center&#8221;]Uma experi\u00eancia<br \/>\ninesquec\u00edvel[\/mk_fancy_title][vc_column_text disable_pattern=&#8221;false&#8221; align=&#8221;center&#8221; margin_bottom=&#8221;25&#8243; css=&#8221;.vc_custom_1607365734544{margin-bottom: 25px !important;}&#8221;]Os nove quartos da CASA CAM\u00c9LIA possuem um car\u00e1cter singular e vistas para o rio Douro, para o jardim ou para a vizinhan\u00e7a envolvente. Estes foram individualmente decorados pela famosa artista local Marta Vilarinho de Freitas com pinturas murais que fazem refer\u00eancia \u00e0 cidade bem como \u00e0s flores que comp\u00f5em o jardim da casa. Todos os quartos s\u00e3o cuidadosamente projetados para criar uma experi\u00eancia inesquec\u00edvel para nossos h\u00f3spedes.[\/vc_column_text][mk_button dimension=&#8221;outline&#8221; size=&#8221;large&#8221; letter_spacing=&#8221;4&#8243; url=&#8221;https:\/\/www.casacamelia.pt\/rooms\/?lang=pt-pt&#8221; align=&#8221;center&#8221; margin_bottom=&#8221;0&#8243; margin_right=&#8221;0&#8243; outline_skin=&#8221;custom&#8221; outline_active_text_color=&#8221;#86704d&#8221; outline_hover_bg_color=&#8221;#86704d&#8221; outline_hover_color=&#8221;#ffffff&#8221;]VER MAIS[\/mk_button][mk_padding_divider visibility=&#8221;visible-sm&#8221;][\/vc_column][\/mk_page_section][mk_page_section layout_structure=&#8221;half_right&#8221; bg_image=&#8221;https:\/\/www.casacamelia.pt\/wp-content\/uploads\/2019\/11\/portugal-porto-boutique-hotel-m.jpg&#8221; bg_color=&#8221;#f3efe9&#8243; min_height=&#8221;600&#8243; full_width=&#8221;true&#8221; padding_top=&#8221;90&#8243; padding_bottom=&#8221;90&#8243;][vc_column][mk_fancy_title tag_name=&#8221;h5&#8243; color=&#8221;#000000&#8243; size=&#8221;18&#8243; font_weight=&#8221;bold&#8221; txt_transform=&#8221;uppercase&#8221; letter_spacing=&#8221;4&#8243; margin_bottom=&#8221;0&#8243; font_family=&#8221;Source+Sans+Pro&#8221; font_type=&#8221;google&#8221; align=&#8221;center&#8221;]OPORTO[\/mk_fancy_title][mk_fancy_title tag_name=&#8221;h3&#8243; color=&#8221;#000000&#8243; size=&#8221;40&#8243; force_font_size=&#8221;true&#8221; size_tablet=&#8221;30&#8243; size_phone=&#8221;25&#8243; txt_transform=&#8221;uppercase&#8221; margin_bottom=&#8221;35&#8243; font_family=&#8221;none&#8221; align=&#8221;center&#8221;]Uma cidade<br \/>\npatrim\u00f3nio mundial[\/mk_fancy_title][vc_column_text disable_pattern=&#8221;false&#8221; align=&#8221;center&#8221; margin_bottom=&#8221;25&#8243; css=&#8221;.vc_custom_1607365263509{margin-bottom: 25px !important;}&#8221;]A fant\u00e1stica e vibrante cidade do Porto est\u00e1 situada na margem norte do rio Douro, a apenas uma caminhada do Oceano Atl\u00e2ntico. H\u00e1 tanto para ver e fazer no Porto. A cidade oferece n\u00e3o s\u00f3 atra\u00e7\u00f5es hist\u00f3ricas e culturais fascinantes, mas tamb\u00e9m uma variada oferta de atividades \u00e0 escolha. Nos \u00faltimos anos, o Porto tem-se tornado um dos destinos tur\u00edsticos mais reconhecidos da Europa Ocidental. Tendo mesmo sido recentemente eleito \u201cCidade Europeia de 2020\u201d.<\/p>\n<p>O Porto n\u00e3o seria o Porto sem os seus habitantes afetuosos. A amabilidade e a atitude prest\u00e1vel dos portuenses para com os turistas faz com que visitantes de todo o mundo se sintam calorosamente bem-vindos nesta cidade.[\/vc_column_text][mk_button dimension=&#8221;outline&#8221; size=&#8221;large&#8221; letter_spacing=&#8221;4&#8243; url=&#8221;https:\/\/www.casacamelia.pt\/wp-content\/uploads\/2019\/12\/porto_tourist-map.jpg&#8221; align=&#8221;center&#8221; margin_bottom=&#8221;0&#8243; margin_right=&#8221;0&#8243; el_class=&#8221;fancybox-popup&#8221; outline_skin=&#8221;custom&#8221; outline_active_text_color=&#8221;#86704d&#8221; outline_hover_bg_color=&#8221;#86704d&#8221; outline_hover_color=&#8221;#ffffff&#8221;]VER MAPA[\/mk_button][\/vc_column][\/mk_page_section][mk_page_section layout_structure=&#8221;half_left&#8221; bg_image=&#8221;https:\/\/www.casacamelia.pt\/wp-content\/uploads\/2021\/12\/casacamelia_marta-vilarinho-de-freitas.jpg&#8221; bg_color=&#8221;#f3efe9&#8243; min_height=&#8221;600&#8243; full_width=&#8221;true&#8221; js_vertical_centered=&#8221;true&#8221; padding_top=&#8221;90&#8243; padding_bottom=&#8221;90&#8243;][vc_column][mk_padding_divider visibility=&#8221;visible-sm&#8221;][mk_fancy_title tag_name=&#8221;h5&#8243; color=&#8221;#000000&#8243; size=&#8221;18&#8243; font_weight=&#8221;bold&#8221; txt_transform=&#8221;uppercase&#8221; letter_spacing=&#8221;4&#8243; margin_bottom=&#8221;0&#8243; font_family=&#8221;Source+Sans+Pro&#8221; font_type=&#8221;google&#8221; align=&#8221;center&#8221;]Wall-Art[\/mk_fancy_title][mk_fancy_title tag_name=&#8221;h3&#8243; color=&#8221;#000000&#8243; size=&#8221;40&#8243; force_font_size=&#8221;true&#8221; size_tablet=&#8221;30&#8243; size_phone=&#8221;25&#8243; txt_transform=&#8221;uppercase&#8221; margin_bottom=&#8221;35&#8243; font_family=&#8221;none&#8221; align=&#8221;center&#8221;]CADA QUARTO<br \/>\nUMA ARTE FINAL \u00daNICA[\/mk_fancy_title][vc_column_text disable_pattern=&#8221;false&#8221; align=&#8221;center&#8221; margin_bottom=&#8221;25&#8243; css=&#8221;.vc_custom_1640528020540{margin-bottom: 25px !important;}&#8221;]Os murais dos nossos quartos mostram a paix\u00e3o de Marta Vilarinho de Freitas pelos detalhes de cada edif\u00edcio que desenhou. Seu grande talento, seu amor pela arquitetura e atitude profissional em rela\u00e7\u00e3o a tudo o que faz a tornam uma artista altamente recompensada e apreciada.<\/p>\n<p>Ela criou desenhos que contam hist\u00f3rias sobre a cidade que n\u00f3s todos amamos do fundo do cora\u00e7\u00e3o &#8230; OPORTO[\/vc_column_text][mk_padding_divider visibility=&#8221;visible-sm&#8221;][\/vc_column][\/mk_page_section][mk_page_section bg_image=&#8221;https:\/\/www.casacamelia.pt\/wp-content\/uploads\/2018\/11\/pattern5.png&#8221; bg_color=&#8221;#ffffff&#8221; bg_position=&#8221;right center&#8221; bg_repeat=&#8221;no-repeat&#8221; enable_3d=&#8221;true&#8221; padding_top=&#8221;90&#8243; padding_bottom=&#8221;90&#8243; el_class=&#8221;homepage-background-pattern&#8221; sidebar=&#8221;sidebar-1&#8243;][vc_column width=&#8221;5\/12&#8243;][mk_fancy_title tag_name=&#8221;h3&#8243; color=&#8221;#000000&#8243; size=&#8221;40&#8243; force_font_size=&#8221;true&#8221; size_tablet=&#8221;30&#8243; size_phone=&#8221;25&#8243; txt_transform=&#8221;uppercase&#8221; margin_bottom=&#8221;35&#8243; font_family=&#8221;none&#8221; align=&#8221;center&#8221;]O que visitar[\/mk_fancy_title][mk_swipe_slideshow images=&#8221;1761,1764,1824,1827&#8243; image_width=&#8221;445&#8243; image_height=&#8221;299&#8243;][mk_padding_divider size=&#8221;20&#8243;][vc_column_text disable_pattern=&#8221;false&#8221; align=&#8221;center&#8221; margin_bottom=&#8221;30&#8243; css=&#8221;.vc_custom_1607365389127{margin-bottom: 50px !important;}&#8221;]O centro hist\u00f3rico do Porto oferece uma enorme variedade de atra\u00e7\u00f5es tur\u00edsticas a uma curta dist\u00e2ncia a p\u00e9. Entre as principais atra\u00e7\u00f5es est\u00e3o as perfeitamente alinhadas casas da Ribeira, a Casa da M\u00fasica, a Livraria <em>Lello<\/em>, o Caf\u00e9 <em>Majestic<\/em>, o El\u00e9trico hist\u00f3rico, as caves do vinho do Porto do outro lado do rio Douro, entre outras.[\/vc_column_text][mk_padding_divider size=&#8221;120&#8243;][mk_fancy_title tag_name=&#8221;h3&#8243; color=&#8221;#000000&#8243; size=&#8221;40&#8243; force_font_size=&#8221;true&#8221; size_tablet=&#8221;30&#8243; size_phone=&#8221;25&#8243; txt_transform=&#8221;uppercase&#8221; margin_bottom=&#8221;35&#8243; font_family=&#8221;none&#8221; align=&#8221;center&#8221;]Atividades[\/mk_fancy_title][mk_swipe_slideshow images=&#8221;1735,1741,1738,1744&#8243; image_width=&#8221;445&#8243; image_height=&#8221;299&#8243;][mk_padding_divider size=&#8221;20&#8243;][vc_column_text disable_pattern=&#8221;false&#8221; align=&#8221;center&#8221; margin_bottom=&#8221;30&#8243; css=&#8221;.vc_custom_1661069051030{margin-bottom: 50px !important;}&#8221;]Existe uma grande variedade de atividades para fazer no Porto, tais como: caminhadas, passeios de bicicleta, surf e passeios de mota.[\/vc_column_text][mk_padding_divider size=&#8221;120&#8243;][\/vc_column][vc_column width=&#8221;2\/12&#8243;][mk_image src=&#8221;https:\/\/www.casacamelia.pt\/wp-content\/uploads\/2018\/11\/garden-4.png&#8221; image_size=&#8221;full&#8221; pxs=&#8221;true&#8221; pxs_x=&#8221;0&#8243; pxs_y=&#8221;-100&#8243; pxs_z=&#8221;0&#8243;][\/vc_column][vc_column width=&#8221;5\/12&#8243;][mk_padding_divider size=&#8221;180&#8243;][mk_fancy_title tag_name=&#8221;h3&#8243; color=&#8221;#000000&#8243; size=&#8221;40&#8243; force_font_size=&#8221;true&#8221; size_tablet=&#8221;30&#8243; size_phone=&#8221;25&#8243; txt_transform=&#8221;uppercase&#8221; margin_bottom=&#8221;35&#8243; font_family=&#8221;none&#8221; align=&#8221;center&#8221;]Atra\u00e7\u00f5es nas proximidades[\/mk_fancy_title][mk_swipe_slideshow images=&#8221;1783,1777,1774,1831&#8243; image_width=&#8221;445&#8243; image_height=&#8221;299&#8243;][mk_padding_divider size=&#8221;20&#8243;][vc_column_text disable_pattern=&#8221;false&#8221; align=&#8221;center&#8221; margin_bottom=&#8221;30&#8243; css=&#8221;.vc_custom_1607365517211{margin-bottom: 50px !important;}&#8221;]Por todo o Porto h\u00e1 imensas coisas para ver e fazer. Os visitantes podem fazer uma excurs\u00e3o pelo deslumbrante e mundialmente famoso Vale do Douro, visitar cidades hist\u00f3ricas nas proximidades, fazer uma caminhada no verde e selvagem Parque Nacional do Ger\u00eas ou passear ao longo das praias de areia.[\/vc_column_text][\/vc_column][\/mk_page_section][vc_row fullwidth=&#8221;true&#8221; attached=&#8221;true&#8221;][vc_column][mk_gallery images=&#8221;1042,1045,1048,1051,1054,1060,1063,1066,1069,1072&#8243; column=&#8221;5&#8243; height=&#8221;198&#8243; item_spacing=&#8221;2&#8243; margin_bottom=&#8221;&#8221;][\/vc_column][\/vc_row][mk_page_section bg_color=&#8221;#f3efe9&#8243; bg_position=&#8221;center center&#8221; bg_repeat=&#8221;no-repeat&#8221; bg_stretch=&#8221;true&#8221; enable_3d=&#8221;true&#8221; js_vertical_centered=&#8221;true&#8221; padding_top=&#8221;90&#8243; padding_bottom=&#8221;90&#8243; sidebar=&#8221;sidebar-1&#8243;][vc_column width=&#8221;1\/4&#8243;][mk_padding_divider size=&#8221;120&#8243;][mk_fancy_title size=&#8221;40&#8243; force_font_size=&#8221;true&#8221; size_phone=&#8221;25&#8243; txt_transform=&#8221;uppercase&#8221; margin_bottom=&#8221;0&#8243; font_family=&#8221;none&#8221; align=&#8221;center&#8221;]Contacte-nos[\/mk_fancy_title][\/vc_column][vc_column width=&#8221;1\/2&#8243;][mk_image src=&#8221;https:\/\/www.casacamelia.pt\/wp-content\/uploads\/2020\/01\/casacamelia_brown_v1.png&#8221; image_size=&#8221;full&#8221; align=&#8221;center&#8221;][mk_padding_divider size=&#8221;35&#8243;][mk_fancy_title tag_name=&#8221;h6&#8243; color=&#8221;#86704d&#8221; size=&#8221;16&#8243; font_weight=&#8221;400&#8243; letter_spacing=&#8221;1&#8243; margin_bottom=&#8221;&#8221; font_family=&#8221;Source+Sans+Pro&#8221; font_type=&#8221;google&#8221; align=&#8221;center&#8221; animation=&#8221;left-to-right&#8221;]\n<p style=\"text-align: center;\">Rua da Bandeirinha 26, 4050-088 Porto<br \/>\n<a href=\"#\">+351\u00a0<\/a><a href=\"#\">965 427 555<\/a> \u00a0 <a href=\"mailto:book@casacamelia.pt\">book@casacamelia.pt<\/a><\/p>\n[\/mk_fancy_title][\/vc_column][vc_column width=&#8221;1\/4&#8243;][mk_padding_divider size=&#8221;108&#8243;][mk_social_networks size=&#8221;medium&#8221; style=&#8221;simple&#8221; margin=&#8221;15&#8243; icon_color=&#8221;#86704d&#8221; icon_hover_color=&#8221;#86704d&#8221; align=&#8221;center&#8221; facebook=&#8221;https:\/\/www.facebook.com\/casacamelia.porto&#8221; google_plus=&#8221;https:\/\/www.google.com\/maps\/place\/CASA+CAM%C3%89LIA\/@41.1450251,-8.6237727,17z\/data=!3m1!4b1!4m8!3m7!1s0xd24657598b343bb:0x3c6c1b9734d008ef!5m2!4m1!1i2!8m2!3d41.1449994!4d-8.6215559&#8243; instagram=&#8221;https:\/\/www.instagram.com\/casacamelia_porto\/?hl=pt&#8221;][\/vc_column][\/mk_page_section]\n<\/div>","protected":false},"excerpt":{"rendered":"<p>[vc_row equal_columns=&#8221;true&#8221; el_class=&#8221;homepage-main&#8221;][vc_column][\/vc_column][\/vc_row][vc_row fullwidth=&#8221;true&#8221; disable_element=&#8221;yes&#8221; id=&#8221;booking-form&#8221;][vc_column][vc_column_text css=&#8221;.vc_custom_1545142904867{margin-bottom: 0px !important;border-top-width: 1px !important;border-bottom-width: 1px !important;border-top-color: #f3efe9 !important;border-bottom-color: #f3efe9 !important;}&#8221;][\/vc_column_text][\/vc_column][\/vc_row][mk_page_section bg_color=&#8221;#ffffff&#8221; bg_position=&#8221;center center&#8221; bg_repeat=&#8221;no-repeat&#8221; enable_3d=&#8221;true&#8221; min_height=&#8221;90&#8243; full_width=&#8221;true&#8221; padding_top=&#8221;20&#8243; padding_bottom=&#8221;90&#8243; sidebar=&#8221;sidebar-1&#8243;][vc_column][mk_padding_divider size=&#8221;100&#8243;][mk_fancy_title color=&#8221;#000000&#8243; size=&#8221;60&#8243; force_font_size=&#8221;true&#8221; size_phone=&#8221;25&#8243; txt_transform=&#8221;uppercase&#8221; margin_bottom=&#8221;0&#8243; font_family=&#8221;none&#8221; align=&#8221;center&#8221;]SOLAR \u00daNICO[\/mk_fancy_title][mk_fancy_title color=&#8221;#000000&#8243; size=&#8221;40&#8243; force_font_size=&#8221;true&#8221; size_phone=&#8221;25&#8243; txt_transform=&#8221;uppercase&#8221; margin_bottom=&#8221;0&#8243; font_family=&#8221;none&#8221; align=&#8221;center&#8221;]NO CORA\u00c7\u00c3O DO PORTO[\/mk_fancy_title][mk_padding_divider size=&#8221;60&#8243;][vc_row_inner][vc_column_inner width=&#8221;1\/4&#8243; offset=&#8221;vc_hidden-sm vc_hidden-xs&#8221;][mk_image src=&#8221;https:\/\/www.casacamelia.pt\/wp-content\/uploads\/2020\/11\/garden-1-1_flipped.png&#8221; image_size=&#8221;full&#8221; pxs=&#8221;true&#8221; [&hellip;]<\/p>\n","protected":false},"author":2,"featured_media":0,"parent":0,"menu_order":0,"comment_status":"closed","ping_status":"closed","template":"","meta":{"_acf_changed":false,"rs_blank_template":"","rs_page_bg_color":"","slide_template_v7":"","footnotes":""},"class_list":["post-2289","page","type-page","status-publish","hentry"],"acf":[],"yoast_head":"<!-- This site is optimized with the Yoast SEO plugin v27.5 - https:\/\/yoast.com\/product\/yoast-seo-wordpress\/ -->\n<title>HOME - Casa Cam\u00e9lia<\/title>\n<meta name=\"robots\" content=\"index, follow, max-snippet:-1, max-image-preview:large, max-video-preview:-1\" \/>\n<link rel=\"canonical\" href=\"https:\/\/www.casacamelia.pt\/pt-pt\/\" \/>\n<meta property=\"og:locale\" content=\"pt_PT\" \/>\n<meta property=\"og:type\" content=\"article\" \/>\n<meta property=\"og:title\" content=\"HOME - Casa Cam\u00e9lia\" \/>\n<meta property=\"og:description\" content=\"[vc_row equal_columns=&#8221;true&#8221; el_class=&#8221;homepage-main&#8221;][vc_column][\/vc_column][\/vc_row][vc_row fullwidth=&#8221;true&#8221; disable_element=&#8221;yes&#8221; id=&#8221;booking-form&#8221;][vc_column][vc_column_text css=&#8221;.vc_custom_1545142904867{margin-bottom: 0px !important;border-top-width: 1px !important;border-bottom-width: 1px !important;border-top-color: #f3efe9 !important;border-bottom-color: #f3efe9 !important;}&#8221;][\/vc_column_text][\/vc_column][\/vc_row][mk_page_section bg_color=&#8221;#ffffff&#8221; bg_position=&#8221;center center&#8221; bg_repeat=&#8221;no-repeat&#8221; enable_3d=&#8221;true&#8221; min_height=&#8221;90&#8243; full_width=&#8221;true&#8221; padding_top=&#8221;20&#8243; padding_bottom=&#8221;90&#8243; sidebar=&#8221;sidebar-1&#8243;][vc_column][mk_padding_divider size=&#8221;100&#8243;][mk_fancy_title color=&#8221;#000000&#8243; size=&#8221;60&#8243; force_font_size=&#8221;true&#8221; size_phone=&#8221;25&#8243; txt_transform=&#8221;uppercase&#8221; margin_bottom=&#8221;0&#8243; font_family=&#8221;none&#8221; align=&#8221;center&#8221;]SOLAR \u00daNICO[\/mk_fancy_title][mk_fancy_title color=&#8221;#000000&#8243; size=&#8221;40&#8243; force_font_size=&#8221;true&#8221; size_phone=&#8221;25&#8243; txt_transform=&#8221;uppercase&#8221; margin_bottom=&#8221;0&#8243; font_family=&#8221;none&#8221; align=&#8221;center&#8221;]NO CORA\u00c7\u00c3O DO PORTO[\/mk_fancy_title][mk_padding_divider size=&#8221;60&#8243;][vc_row_inner][vc_column_inner width=&#8221;1\/4&#8243; offset=&#8221;vc_hidden-sm vc_hidden-xs&#8221;][mk_image src=&#8221;https:\/\/www.casacamelia.pt\/wp-content\/uploads\/2020\/11\/garden-1-1_flipped.png&#8221; image_size=&#8221;full&#8221; pxs=&#8221;true&#8221; [&hellip;]\" \/>\n<meta property=\"og:url\" content=\"https:\/\/www.casacamelia.pt\/pt-pt\/\" \/>\n<meta property=\"og:site_name\" content=\"Casa Cam\u00e9lia\" \/>\n<meta property=\"article:modified_time\" content=\"2023-12-10T10:39:31+00:00\" \/>\n<meta name=\"twitter:card\" content=\"summary_large_image\" \/>\n<meta name=\"twitter:label1\" content=\"Tempo estimado de leitura\" \/>\n\t<meta name=\"twitter:data1\" content=\"5 minutos\" \/>\n<script type=\"application\/ld+json\" class=\"yoast-schema-graph\">{\"@context\":\"https:\\\/\\\/schema.org\",\"@graph\":[{\"@type\":\"WebPage\",\"@id\":\"https:\\\/\\\/www.casacamelia.pt\\\/pt-pt\\\/\",\"url\":\"https:\\\/\\\/www.casacamelia.pt\\\/pt-pt\\\/\",\"name\":\"HOME - Casa Cam\u00e9lia\",\"isPartOf\":{\"@id\":\"https:\\\/\\\/www.casacamelia.pt\\\/pt-pt\\\/#website\"},\"datePublished\":\"2017-02-07T13:00:33+00:00\",\"dateModified\":\"2023-12-10T10:39:31+00:00\",\"breadcrumb\":{\"@id\":\"https:\\\/\\\/www.casacamelia.pt\\\/pt-pt\\\/#breadcrumb\"},\"inLanguage\":\"pt-PT\",\"potentialAction\":[{\"@type\":\"ReadAction\",\"target\":[\"https:\\\/\\\/www.casacamelia.pt\\\/pt-pt\\\/\"]}]},{\"@type\":\"BreadcrumbList\",\"@id\":\"https:\\\/\\\/www.casacamelia.pt\\\/pt-pt\\\/#breadcrumb\",\"itemListElement\":[{\"@type\":\"ListItem\",\"position\":1,\"name\":\"Home\",\"item\":\"https:\\\/\\\/www.casacamelia.pt\\\/pt-pt\\\/\"},{\"@type\":\"ListItem\",\"position\":2,\"name\":\"HOME\"}]},{\"@type\":\"WebSite\",\"@id\":\"https:\\\/\\\/www.casacamelia.pt\\\/pt-pt\\\/#website\",\"url\":\"https:\\\/\\\/www.casacamelia.pt\\\/pt-pt\\\/\",\"name\":\"Casa Cam\u00e9lia\",\"description\":\"\",\"potentialAction\":[{\"@type\":\"SearchAction\",\"target\":{\"@type\":\"EntryPoint\",\"urlTemplate\":\"https:\\\/\\\/www.casacamelia.pt\\\/pt-pt\\\/?s={search_term_string}\"},\"query-input\":{\"@type\":\"PropertyValueSpecification\",\"valueRequired\":true,\"valueName\":\"search_term_string\"}}],\"inLanguage\":\"pt-PT\"}]}<\/script>\n<!-- \/ Yoast SEO plugin. -->","yoast_head_json":{"title":"HOME - Casa Cam\u00e9lia","robots":{"index":"index","follow":"follow","max-snippet":"max-snippet:-1","max-image-preview":"max-image-preview:large","max-video-preview":"max-video-preview:-1"},"canonical":"https:\/\/www.casacamelia.pt\/pt-pt\/","og_locale":"pt_PT","og_type":"article","og_title":"HOME - Casa Cam\u00e9lia","og_description":"[vc_row equal_columns=&#8221;true&#8221; el_class=&#8221;homepage-main&#8221;][vc_column][\/vc_column][\/vc_row][vc_row fullwidth=&#8221;true&#8221; disable_element=&#8221;yes&#8221; id=&#8221;booking-form&#8221;][vc_column][vc_column_text css=&#8221;.vc_custom_1545142904867{margin-bottom: 0px !important;border-top-width: 1px !important;border-bottom-width: 1px !important;border-top-color: #f3efe9 !important;border-bottom-color: #f3efe9 !important;}&#8221;][\/vc_column_text][\/vc_column][\/vc_row][mk_page_section bg_color=&#8221;#ffffff&#8221; bg_position=&#8221;center center&#8221; bg_repeat=&#8221;no-repeat&#8221; enable_3d=&#8221;true&#8221; min_height=&#8221;90&#8243; full_width=&#8221;true&#8221; padding_top=&#8221;20&#8243; padding_bottom=&#8221;90&#8243; sidebar=&#8221;sidebar-1&#8243;][vc_column][mk_padding_divider size=&#8221;100&#8243;][mk_fancy_title color=&#8221;#000000&#8243; size=&#8221;60&#8243; force_font_size=&#8221;true&#8221; size_phone=&#8221;25&#8243; txt_transform=&#8221;uppercase&#8221; margin_bottom=&#8221;0&#8243; font_family=&#8221;none&#8221; align=&#8221;center&#8221;]SOLAR \u00daNICO[\/mk_fancy_title][mk_fancy_title color=&#8221;#000000&#8243; size=&#8221;40&#8243; force_font_size=&#8221;true&#8221; size_phone=&#8221;25&#8243; txt_transform=&#8221;uppercase&#8221; margin_bottom=&#8221;0&#8243; font_family=&#8221;none&#8221; align=&#8221;center&#8221;]NO CORA\u00c7\u00c3O DO PORTO[\/mk_fancy_title][mk_padding_divider size=&#8221;60&#8243;][vc_row_inner][vc_column_inner width=&#8221;1\/4&#8243; offset=&#8221;vc_hidden-sm vc_hidden-xs&#8221;][mk_image src=&#8221;https:\/\/www.casacamelia.pt\/wp-content\/uploads\/2020\/11\/garden-1-1_flipped.png&#8221; image_size=&#8221;full&#8221; pxs=&#8221;true&#8221; [&hellip;]","og_url":"https:\/\/www.casacamelia.pt\/pt-pt\/","og_site_name":"Casa Cam\u00e9lia","article_modified_time":"2023-12-10T10:39:31+00:00","twitter_card":"summary_large_image","twitter_misc":{"Tempo estimado de leitura":"5 minutos"},"schema":{"@context":"https:\/\/schema.org","@graph":[{"@type":"WebPage","@id":"https:\/\/www.casacamelia.pt\/pt-pt\/","url":"https:\/\/www.casacamelia.pt\/pt-pt\/","name":"HOME - Casa Cam\u00e9lia","isPartOf":{"@id":"https:\/\/www.casacamelia.pt\/pt-pt\/#website"},"datePublished":"2017-02-07T13:00:33+00:00","dateModified":"2023-12-10T10:39:31+00:00","breadcrumb":{"@id":"https:\/\/www.casacamelia.pt\/pt-pt\/#breadcrumb"},"inLanguage":"pt-PT","potentialAction":[{"@type":"ReadAction","target":["https:\/\/www.casacamelia.pt\/pt-pt\/"]}]},{"@type":"BreadcrumbList","@id":"https:\/\/www.casacamelia.pt\/pt-pt\/#breadcrumb","itemListElement":[{"@type":"ListItem","position":1,"name":"Home","item":"https:\/\/www.casacamelia.pt\/pt-pt\/"},{"@type":"ListItem","position":2,"name":"HOME"}]},{"@type":"WebSite","@id":"https:\/\/www.casacamelia.pt\/pt-pt\/#website","url":"https:\/\/www.casacamelia.pt\/pt-pt\/","name":"Casa Cam\u00e9lia","description":"","potentialAction":[{"@type":"SearchAction","target":{"@type":"EntryPoint","urlTemplate":"https:\/\/www.casacamelia.pt\/pt-pt\/?s={search_term_string}"},"query-input":{"@type":"PropertyValueSpecification","valueRequired":true,"valueName":"search_term_string"}}],"inLanguage":"pt-PT"}]}},"_links":{"self":[{"href":"https:\/\/www.casacamelia.pt\/pt-pt\/wp-json\/wp\/v2\/pages\/2289","targetHints":{"allow":["GET"]}}],"collection":[{"href":"https:\/\/www.casacamelia.pt\/pt-pt\/wp-json\/wp\/v2\/pages"}],"about":[{"href":"https:\/\/www.casacamelia.pt\/pt-pt\/wp-json\/wp\/v2\/types\/page"}],"author":[{"embeddable":true,"href":"https:\/\/www.casacamelia.pt\/pt-pt\/wp-json\/wp\/v2\/users\/2"}],"replies":[{"embeddable":true,"href":"https:\/\/www.casacamelia.pt\/pt-pt\/wp-json\/wp\/v2\/comments?post=2289"}],"version-history":[{"count":11,"href":"https:\/\/www.casacamelia.pt\/pt-pt\/wp-json\/wp\/v2\/pages\/2289\/revisions"}],"predecessor-version":[{"id":4994,"href":"https:\/\/www.casacamelia.pt\/pt-pt\/wp-json\/wp\/v2\/pages\/2289\/revisions\/4994"}],"wp:attachment":[{"href":"https:\/\/www.casacamelia.pt\/pt-pt\/wp-json\/wp\/v2\/media?parent=2289"}],"curies":[{"name":"wp","href":"https:\/\/api.w.org\/{rel}","templated":true}]}}